{"id":14488,"date":"2022-11-03T08:36:24","date_gmt":"2022-11-03T07:36:24","guid":{"rendered":"https:\/\/www.ceibcn.com\/?page_id=14488"},"modified":"2025-12-18T13:38:56","modified_gmt":"2025-12-18T12:38:56","slug":"noticies","status":"publish","type":"page","link":"https:\/\/www.ceibcn.com\/ca\/noticies\/","title":{"rendered":"Not\u00edcies"},"content":{"rendered":"\t\t<div data-elementor-type=\"wp-page\" data-elementor-id=\"14488\" class=\"elementor elementor-14488 elementor-8491\" data-elementor-settings=\"{&quot;ha_cmc_init_switcher&quot;:&quot;no&quot;}\" data-elementor-post-type=\"page\">\n\t\t\t\t\t\t<section class=\"elementor-section elementor-top-section elementor-element elementor-element-2ed8e18 elementor-section-full_width elementor-section-height-default elementor-section-height-default\" data-id=\"2ed8e18\" data-element_type=\"section\" data-e-type=\"section\" data-settings=\"{&quot;_ha_eqh_enable&quot;:false}\">\n\t\t\t\t\t\t<div class=\"elementor-container elementor-column-gap-no\">\n\t\t\t\t\t<div class=\"elementor-column elementor-col-100 elementor-top-column elementor-element elementor-element-5808133\" data-id=\"5808133\" data-element_type=\"column\" data-e-type=\"column\">\n\t\t\t<div class=\"elementor-widget-wrap elementor-element-populated\">\n\t\t\t\t\t\t<div class=\"elementor-element elementor-element-4295ad5 elementor-widget elementor-widget-spacer\" data-id=\"4295ad5\" data-element_type=\"widget\" data-e-type=\"widget\" data-widget_type=\"spacer.default\">\n\t\t\t\t<div class=\"elementor-widget-container\">\n\t\t\t\t\t\t\t<div class=\"elementor-spacer\">\n\t\t\t<div class=\"elementor-spacer-inner\"><\/div>\n\t\t<\/div>\n\t\t\t\t\t\t<\/div>\n\t\t\t\t<\/div>\n\t\t\t\t<div class=\"elementor-element elementor-element-ff63065 elementor-widget elementor-widget-heading\" data-id=\"ff63065\" data-element_type=\"widget\" data-e-type=\"widget\" data-widget_type=\"heading.default\">\n\t\t\t\t<div class=\"elementor-widget-container\">\n\t\t\t\t\t<h2 class=\"elementor-heading-title elementor-size-default\">NOT\u00cdCIES<\/h2>\t\t\t\t<\/div>\n\t\t\t\t<\/div>\n\t\t\t\t<div class=\"elementor-element elementor-element-b4cae2c elementor-widget elementor-widget-spacer\" data-id=\"b4cae2c\" data-element_type=\"widget\" data-e-type=\"widget\" data-widget_type=\"spacer.default\">\n\t\t\t\t<div class=\"elementor-widget-container\">\n\t\t\t\t\t\t\t<div class=\"elementor-spacer\">\n\t\t\t<div class=\"elementor-spacer-inner\"><\/div>\n\t\t<\/div>\n\t\t\t\t\t\t<\/div>\n\t\t\t\t<\/div>\n\t\t\t\t\t<\/div>\n\t\t<\/div>\n\t\t\t\t\t<\/div>\n\t\t<\/section>\n\t\t\t\t<section class=\"elementor-section elementor-top-section elementor-element elementor-element-deaa077 elementor-section-boxed elementor-section-height-default elementor-section-height-default\" data-id=\"deaa077\" data-element_type=\"section\" data-e-type=\"section\" data-settings=\"{&quot;_ha_eqh_enable&quot;:false}\">\n\t\t\t\t\t\t<div class=\"elementor-container elementor-column-gap-default\">\n\t\t\t\t\t<div class=\"elementor-column elementor-col-100 elementor-top-column elementor-element elementor-element-4106443\" data-id=\"4106443\" data-element_type=\"column\" data-e-type=\"column\">\n\t\t\t<div class=\"elementor-widget-wrap elementor-element-populated\">\n\t\t\t\t\t\t<div class=\"elementor-element elementor-element-9196ff2 elementor-grid-3 elementor-grid-tablet-2 elementor-grid-mobile-1 elementor-posts--thumbnail-top elementor-card-shadow-yes elementor-posts__hover-gradient load-more-align-center elementor-widget elementor-widget-posts\" data-id=\"9196ff2\" data-element_type=\"widget\" data-e-type=\"widget\" data-settings=\"{&quot;cards_row_gap&quot;:{&quot;unit&quot;:&quot;px&quot;,&quot;size&quot;:20,&quot;sizes&quot;:[]},&quot;pagination_type&quot;:&quot;load_more_on_click&quot;,&quot;cards_columns&quot;:&quot;3&quot;,&quot;cards_columns_tablet&quot;:&quot;2&quot;,&quot;cards_columns_mobile&quot;:&quot;1&quot;,&quot;cards_row_gap_tablet&quot;:{&quot;unit&quot;:&quot;px&quot;,&quot;size&quot;:&quot;&quot;,&quot;sizes&quot;:[]},&quot;cards_row_gap_mobile&quot;:{&quot;unit&quot;:&quot;px&quot;,&quot;size&quot;:&quot;&quot;,&quot;sizes&quot;:[]},&quot;load_more_spinner&quot;:{&quot;value&quot;:&quot;fas fa-spinner&quot;,&quot;library&quot;:&quot;fa-solid&quot;}}\" data-widget_type=\"posts.cards\">\n\t\t\t\t<div class=\"elementor-widget-container\">\n\t\t\t\t\t\t\t<div class=\"elementor-posts-container elementor-posts elementor-posts--skin-cards elementor-grid\" role=\"list\">\n\t\t\t\t<article class=\"elementor-post elementor-grid-item post-38144 post type-post status-publish format-standard has-post-thumbnail hentry category-noticies tag-mudoi\" role=\"listitem\">\n\t\t\t<div class=\"elementor-post__card\">\n\t\t\t\t<a class=\"elementor-post__thumbnail__link\" href=\"https:\/\/www.ceibcn.com\/ca\/2026\/04\/simulacion-de-negociacion-internacional\/\" tabindex=\"-1\" ><div class=\"elementor-post__thumbnail\"><img fetchpriority=\"high\" decoding=\"async\" width=\"768\" height=\"512\" src=\"https:\/\/www.ceibcn.com\/wp-content\/uploads\/2026\/04\/IMG_9364-768x512.jpg\" class=\"attachment-medium_large size-medium_large wp-image-38145\" alt=\"\" srcset=\"https:\/\/www.ceibcn.com\/wp-content\/uploads\/2026\/04\/IMG_9364-768x512.jpg 768w, https:\/\/www.ceibcn.com\/wp-content\/uploads\/2026\/04\/IMG_9364-300x200.jpg 300w, https:\/\/www.ceibcn.com\/wp-content\/uploads\/2026\/04\/IMG_9364-1536x1024.jpg 1536w, https:\/\/www.ceibcn.com\/wp-content\/uploads\/2026\/04\/IMG_9364-2048x1365.jpg 2048w, https:\/\/www.ceibcn.com\/wp-content\/uploads\/2026\/04\/IMG_9364-150x100.jpg 150w\" sizes=\"(max-width: 768px) 100vw, 768px\" \/><\/div><\/a>\n\t\t\t\t<div class=\"elementor-post__text\">\n\t\t\t\t<h3 class=\"elementor-post__title\">\n\t\t\t<a href=\"https:\/\/www.ceibcn.com\/ca\/2026\/04\/simulacion-de-negociacion-internacional\/\" >\n\t\t\t\tSimulaci\u00f3 de negociaci\u00f3 diplom\u00e0tica internacional\t\t\t<\/a>\n\t\t<\/h3>\n\t\t\t\t<div class=\"elementor-post__excerpt\">\n\t\t\t<p>L&#8217;alumnat del M\u00e0ster Universitari en Diplom\u00e0cia i Organitzacions Internacionals ha participat en una simulaci\u00f3 de negociaci\u00f3 diplom\u00e0tica internacional.<\/p>\t\t<\/div>\n\t\t\t\t\t<div class=\"elementor-post__read-more-wrapper\">\n\t\t\n\t\t<a class=\"elementor-post__read-more\" href=\"https:\/\/www.ceibcn.com\/ca\/2026\/04\/simulacion-de-negociacion-internacional\/\" aria-label=\"Read more about Simulaci\u00f3 de negociaci\u00f3 diplom\u00e0tica internacional\" tabindex=\"-1\" >\n\t\t\tLlegir m\u00e9s \u00bb\t\t<\/a>\n\n\t\t\t\t\t<\/div>\n\t\t\t\t<\/div>\n\t\t\t\t<div class=\"elementor-post__meta-data\">\n\t\t\t\t\t<span class=\"elementor-post-date\">\n\t\t\t23 d'abril de 2026\t\t<\/span>\n\t\t\t\t<\/div>\n\t\t\t\t\t<\/div>\n\t\t<\/article>\n\t\t\t\t<article class=\"elementor-post elementor-grid-item post-38078 post type-post status-publish format-standard hentry category-noticies tag-aula-internacional\" role=\"listitem\">\n\t\t\t<div class=\"elementor-post__card\">\n\t\t\t\t<div class=\"elementor-post__text\">\n\t\t\t\t<h3 class=\"elementor-post__title\">\n\t\t\t<a href=\"https:\/\/www.ceibcn.com\/ca\/2026\/04\/aula-internacional-con-el-embajador-de-espana-en-kenia\/\" >\n\t\t\t\tAula Internacional amb l\u2019Ambaixador d\u2019Espanya a Kenya\t\t\t<\/a>\n\t\t<\/h3>\n\t\t\t\t<div class=\"elementor-post__excerpt\">\n\t\t\t<p>Aula Internacional amb el Sr. Jaime Moreno Bau, Ambaixador d&#8217;Espanya a Kenya, per a con\u00e8ixer la rellev\u00e0ncia de Nairobi com a hub estrat\u00e8gic.<\/p>\t\t<\/div>\n\t\t\t\t\t<div class=\"elementor-post__read-more-wrapper\">\n\t\t\n\t\t<a class=\"elementor-post__read-more\" href=\"https:\/\/www.ceibcn.com\/ca\/2026\/04\/aula-internacional-con-el-embajador-de-espana-en-kenia\/\" aria-label=\"Read more about Aula Internacional amb l\u2019Ambaixador d\u2019Espanya a Kenya\" tabindex=\"-1\" >\n\t\t\tLlegir m\u00e9s \u00bb\t\t<\/a>\n\n\t\t\t\t\t<\/div>\n\t\t\t\t<\/div>\n\t\t\t\t<div class=\"elementor-post__meta-data\">\n\t\t\t\t\t<span class=\"elementor-post-date\">\n\t\t\t16 d'abril de 2026\t\t<\/span>\n\t\t\t\t<\/div>\n\t\t\t\t\t<\/div>\n\t\t<\/article>\n\t\t\t\t<article class=\"elementor-post elementor-grid-item post-37943 post type-post status-publish format-standard has-post-thumbnail hentry category-noticies\" role=\"listitem\">\n\t\t\t<div class=\"elementor-post__card\">\n\t\t\t\t<a class=\"elementor-post__thumbnail__link\" href=\"https:\/\/www.ceibcn.com\/ca\/2026\/04\/convocatoria-de-becas-de-practicas-masteres-2025-2026\/\" tabindex=\"-1\" ><div class=\"elementor-post__thumbnail\"><img decoding=\"async\" width=\"768\" height=\"511\" src=\"https:\/\/www.ceibcn.com\/wp-content\/uploads\/2026\/04\/foto-onu-768x511.webp\" class=\"attachment-medium_large size-medium_large wp-image-37944\" alt=\"\" srcset=\"https:\/\/www.ceibcn.com\/wp-content\/uploads\/2026\/04\/foto-onu-768x511.webp 768w, https:\/\/www.ceibcn.com\/wp-content\/uploads\/2026\/04\/foto-onu-300x200.webp 300w, https:\/\/www.ceibcn.com\/wp-content\/uploads\/2026\/04\/foto-onu-150x100.webp 150w, https:\/\/www.ceibcn.com\/wp-content\/uploads\/2026\/04\/foto-onu.webp 1200w\" sizes=\"(max-width: 768px) 100vw, 768px\" \/><\/div><\/a>\n\t\t\t\t<div class=\"elementor-post__text\">\n\t\t\t\t<h3 class=\"elementor-post__title\">\n\t\t\t<a href=\"https:\/\/www.ceibcn.com\/ca\/2026\/04\/convocatoria-de-becas-de-practicas-masteres-2025-2026\/\" >\n\t\t\t\tConvocat\u00f2ria de beques de pr\u00e0ctiques: M\u00e0sters 2025\/2026\t\t\t<\/a>\n\t\t<\/h3>\n\t\t\t\t<div class=\"elementor-post__excerpt\">\n\t\t\t<p>El CEI obrir\u00e0 el proper 15 d&#8217;abril el termini de sol\u00b7licitud de les beques de pr\u00e0ctiques de la promoci\u00f3 2025\/2026 dels m\u00e0sters.<\/p>\t\t<\/div>\n\t\t\t\t\t<div class=\"elementor-post__read-more-wrapper\">\n\t\t\n\t\t<a class=\"elementor-post__read-more\" href=\"https:\/\/www.ceibcn.com\/ca\/2026\/04\/convocatoria-de-becas-de-practicas-masteres-2025-2026\/\" aria-label=\"Read more about Convocat\u00f2ria de beques de pr\u00e0ctiques: M\u00e0sters 2025\/2026\" tabindex=\"-1\" >\n\t\t\tLlegir m\u00e9s \u00bb\t\t<\/a>\n\n\t\t\t\t\t<\/div>\n\t\t\t\t<\/div>\n\t\t\t\t<div class=\"elementor-post__meta-data\">\n\t\t\t\t\t<span class=\"elementor-post-date\">\n\t\t\t8 d'abril de 2026\t\t<\/span>\n\t\t\t\t<\/div>\n\t\t\t\t\t<\/div>\n\t\t<\/article>\n\t\t\t\t<article class=\"elementor-post elementor-grid-item post-37837 post type-post status-publish format-standard hentry category-noticies\" role=\"listitem\">\n\t\t\t<div class=\"elementor-post__card\">\n\t\t\t\t<div class=\"elementor-post__text\">\n\t\t\t\t<h3 class=\"elementor-post__title\">\n\t\t\t<a href=\"https:\/\/www.ceibcn.com\/ca\/2026\/03\/cei-presente-programa-aula-mediterrania-iemed\/\" >\n\t\t\t\tEl CEI present al programa Aula Mediterr\u00e0nia de l\u2019IEMed\t\t\t<\/a>\n\t\t<\/h3>\n\t\t\t\t<div class=\"elementor-post__excerpt\">\n\t\t\t<p>La directora executiva del CEI, Laura Mas, ha analitzat els reptes de l\u2019intercanvi acad\u00e8mic i de la formaci\u00f3 a la regi\u00f3 euromediterr\u00e0nia.<\/p>\t\t<\/div>\n\t\t\t\t\t<div class=\"elementor-post__read-more-wrapper\">\n\t\t\n\t\t<a class=\"elementor-post__read-more\" href=\"https:\/\/www.ceibcn.com\/ca\/2026\/03\/cei-presente-programa-aula-mediterrania-iemed\/\" aria-label=\"Read more about El CEI present al programa Aula Mediterr\u00e0nia de l\u2019IEMed\" tabindex=\"-1\" >\n\t\t\tLlegir m\u00e9s \u00bb\t\t<\/a>\n\n\t\t\t\t\t<\/div>\n\t\t\t\t<\/div>\n\t\t\t\t<div class=\"elementor-post__meta-data\">\n\t\t\t\t\t<span class=\"elementor-post-date\">\n\t\t\t26 de mar\u00e7 de 2026\t\t<\/span>\n\t\t\t\t<\/div>\n\t\t\t\t\t<\/div>\n\t\t<\/article>\n\t\t\t\t<article class=\"elementor-post elementor-grid-item post-37693 post type-post status-publish format-standard hentry category-noticies\" role=\"listitem\">\n\t\t\t<div class=\"elementor-post__card\">\n\t\t\t\t<div class=\"elementor-post__text\">\n\t\t\t\t<h3 class=\"elementor-post__title\">\n\t\t\t<a href=\"https:\/\/www.ceibcn.com\/ca\/2026\/03\/estudiantes-participan-como-observadores-internacionales-en-un-ejercicio-tactico\/\" >\n\t\t\t\tL\u2019alumnat participa com a observadors internacionals en un exercici t\u00e0ctic\t\t\t<\/a>\n\t\t<\/h3>\n\t\t\t\t<div class=\"elementor-post__excerpt\">\n\t\t\t<p>Estudiants de l&#8217;especialitat de Seguretat Humana participen en un exercici t\u00e0ctic assumint el rol d&#8217;observadors de les Nacions Unides.<\/p>\t\t<\/div>\n\t\t\t\t\t<div class=\"elementor-post__read-more-wrapper\">\n\t\t\n\t\t<a class=\"elementor-post__read-more\" href=\"https:\/\/www.ceibcn.com\/ca\/2026\/03\/estudiantes-participan-como-observadores-internacionales-en-un-ejercicio-tactico\/\" aria-label=\"Read more about L\u2019alumnat participa com a observadors internacionals en un exercici t\u00e0ctic\" tabindex=\"-1\" >\n\t\t\tLlegir m\u00e9s \u00bb\t\t<\/a>\n\n\t\t\t\t\t<\/div>\n\t\t\t\t<\/div>\n\t\t\t\t<div class=\"elementor-post__meta-data\">\n\t\t\t\t\t<span class=\"elementor-post-date\">\n\t\t\t24 de mar\u00e7 de 2026\t\t<\/span>\n\t\t\t\t<\/div>\n\t\t\t\t\t<\/div>\n\t\t<\/article>\n\t\t\t\t<article class=\"elementor-post elementor-grid-item post-37586 post type-post status-publish format-standard has-post-thumbnail hentry category-noticies\" role=\"listitem\">\n\t\t\t<div class=\"elementor-post__card\">\n\t\t\t\t<a class=\"elementor-post__thumbnail__link\" href=\"https:\/\/www.ceibcn.com\/ca\/2026\/03\/visitas-profesionales-del-alumnado-de-relaciones-economicas-europeas-e-internacionales\/\" tabindex=\"-1\" ><div class=\"elementor-post__thumbnail\"><img decoding=\"async\" width=\"768\" height=\"432\" src=\"https:\/\/www.ceibcn.com\/wp-content\/uploads\/2026\/03\/Portada-web-768x432.jpg\" class=\"attachment-medium_large size-medium_large wp-image-37587\" alt=\"\" srcset=\"https:\/\/www.ceibcn.com\/wp-content\/uploads\/2026\/03\/Portada-web-768x432.jpg 768w, https:\/\/www.ceibcn.com\/wp-content\/uploads\/2026\/03\/Portada-web-300x169.jpg 300w, https:\/\/www.ceibcn.com\/wp-content\/uploads\/2026\/03\/Portada-web-1536x864.jpg 1536w, https:\/\/www.ceibcn.com\/wp-content\/uploads\/2026\/03\/Portada-web-150x84.jpg 150w, https:\/\/www.ceibcn.com\/wp-content\/uploads\/2026\/03\/Portada-web.jpg 1920w\" sizes=\"(max-width: 768px) 100vw, 768px\" \/><\/div><\/a>\n\t\t\t\t<div class=\"elementor-post__text\">\n\t\t\t\t<h3 class=\"elementor-post__title\">\n\t\t\t<a href=\"https:\/\/www.ceibcn.com\/ca\/2026\/03\/visitas-profesionales-del-alumnado-de-relaciones-economicas-europeas-e-internacionales\/\" >\n\t\t\t\tVisites professionals de l\u2019alumnat de Relacions Econ\u00f2miques Europees i Internacionals\t\t\t<\/a>\n\t\t<\/h3>\n\t\t\t\t<div class=\"elementor-post__excerpt\">\n\t\t\t<p>Estudiants del M\u00e0ster en Diplom\u00e0cia i Organitzacions Internacionals van realitzar dues visites professionals per a con\u00e8ixer de primera m\u00e0 les possibles sortides professionals.<\/p>\t\t<\/div>\n\t\t\t\t\t<div class=\"elementor-post__read-more-wrapper\">\n\t\t\n\t\t<a class=\"elementor-post__read-more\" href=\"https:\/\/www.ceibcn.com\/ca\/2026\/03\/visitas-profesionales-del-alumnado-de-relaciones-economicas-europeas-e-internacionales\/\" aria-label=\"Read more about Visites professionals de l\u2019alumnat de Relacions Econ\u00f2miques Europees i Internacionals\" tabindex=\"-1\" >\n\t\t\tLlegir m\u00e9s \u00bb\t\t<\/a>\n\n\t\t\t\t\t<\/div>\n\t\t\t\t<\/div>\n\t\t\t\t<div class=\"elementor-post__meta-data\">\n\t\t\t\t\t<span class=\"elementor-post-date\">\n\t\t\t23 de mar\u00e7 de 2026\t\t<\/span>\n\t\t\t\t<\/div>\n\t\t\t\t\t<\/div>\n\t\t<\/article>\n\t\t\t\t<article class=\"elementor-post elementor-grid-item post-37516 post type-post status-publish format-standard has-post-thumbnail hentry category-noticies\" role=\"listitem\">\n\t\t\t<div class=\"elementor-post__card\">\n\t\t\t\t<a class=\"elementor-post__thumbnail__link\" href=\"https:\/\/www.ceibcn.com\/ca\/2026\/03\/exposicio-de-lautoinforme-dacreditacio-del-master-universitari-en-diplomacia-i-organitzacions-internacionals\/\" tabindex=\"-1\" ><div class=\"elementor-post__thumbnail\"><img loading=\"lazy\" decoding=\"async\" width=\"768\" height=\"384\" src=\"https:\/\/www.ceibcn.com\/wp-content\/uploads\/2026\/03\/facultat-dret-ub-768x384.jpg\" class=\"attachment-medium_large size-medium_large wp-image-37532\" alt=\"\" srcset=\"https:\/\/www.ceibcn.com\/wp-content\/uploads\/2026\/03\/facultat-dret-ub-768x384.jpg 768w, https:\/\/www.ceibcn.com\/wp-content\/uploads\/2026\/03\/facultat-dret-ub-300x150.jpg 300w, https:\/\/www.ceibcn.com\/wp-content\/uploads\/2026\/03\/facultat-dret-ub-150x75.jpg 150w, https:\/\/www.ceibcn.com\/wp-content\/uploads\/2026\/03\/facultat-dret-ub.jpg 960w\" sizes=\"(max-width: 768px) 100vw, 768px\" \/><\/div><\/a>\n\t\t\t\t<div class=\"elementor-post__text\">\n\t\t\t\t<h3 class=\"elementor-post__title\">\n\t\t\t<a href=\"https:\/\/www.ceibcn.com\/ca\/2026\/03\/exposicio-de-lautoinforme-dacreditacio-del-master-universitari-en-diplomacia-i-organitzacions-internacionals\/\" >\n\t\t\t\tExposici\u00f3 de l&#8217;autoinforme d&#8217;acreditaci\u00f3 del M\u00e0ster Universitari en Diplom\u00e0cia i Organitzacions Internacionals\t\t\t<\/a>\n\t\t<\/h3>\n\t\t\t\t<div class=\"elementor-post__excerpt\">\n\t\t\t<p>S&#8217;inicia el per\u00edode d&#8217;exposici\u00f3 p\u00fablica de l&#8217;autoinforme d&#8217;acreditaci\u00f3 del M\u00e0ster Universitari en Diplom\u00e0cia i Organitzacions Internacionals.<\/p>\t\t<\/div>\n\t\t\t\t\t<div class=\"elementor-post__read-more-wrapper\">\n\t\t\n\t\t<a class=\"elementor-post__read-more\" href=\"https:\/\/www.ceibcn.com\/ca\/2026\/03\/exposicio-de-lautoinforme-dacreditacio-del-master-universitari-en-diplomacia-i-organitzacions-internacionals\/\" aria-label=\"Read more about Exposici\u00f3 de l&#8217;autoinforme d&#8217;acreditaci\u00f3 del M\u00e0ster Universitari en Diplom\u00e0cia i Organitzacions Internacionals\" tabindex=\"-1\" >\n\t\t\tLlegir m\u00e9s \u00bb\t\t<\/a>\n\n\t\t\t\t\t<\/div>\n\t\t\t\t<\/div>\n\t\t\t\t<div class=\"elementor-post__meta-data\">\n\t\t\t\t\t<span class=\"elementor-post-date\">\n\t\t\t23 de mar\u00e7 de 2026\t\t<\/span>\n\t\t\t\t<\/div>\n\t\t\t\t\t<\/div>\n\t\t<\/article>\n\t\t\t\t<article class=\"elementor-post elementor-grid-item post-37415 post type-post status-publish format-standard has-post-thumbnail hentry category-noticies\" role=\"listitem\">\n\t\t\t<div class=\"elementor-post__card\">\n\t\t\t\t<a class=\"elementor-post__thumbnail__link\" href=\"https:\/\/www.ceibcn.com\/ca\/2026\/03\/estudiantes-del-master-en-sostenibilidad-participan-en-una-sesion-en-el-iemed-sobre-adaptacion-climatica\/\" tabindex=\"-1\" ><div class=\"elementor-post__thumbnail\"><img loading=\"lazy\" decoding=\"async\" width=\"768\" height=\"512\" src=\"https:\/\/www.ceibcn.com\/wp-content\/uploads\/2026\/03\/IEMED_Barcelona_arenaigualati-14-768x512.jpg\" class=\"attachment-medium_large size-medium_large wp-image-37416\" alt=\"\" srcset=\"https:\/\/www.ceibcn.com\/wp-content\/uploads\/2026\/03\/IEMED_Barcelona_arenaigualati-14-768x512.jpg 768w, https:\/\/www.ceibcn.com\/wp-content\/uploads\/2026\/03\/IEMED_Barcelona_arenaigualati-14-300x200.jpg 300w, https:\/\/www.ceibcn.com\/wp-content\/uploads\/2026\/03\/IEMED_Barcelona_arenaigualati-14-1536x1024.jpg 1536w, https:\/\/www.ceibcn.com\/wp-content\/uploads\/2026\/03\/IEMED_Barcelona_arenaigualati-14-2048x1365.jpg 2048w, https:\/\/www.ceibcn.com\/wp-content\/uploads\/2026\/03\/IEMED_Barcelona_arenaigualati-14-150x100.jpg 150w\" sizes=\"(max-width: 768px) 100vw, 768px\" \/><\/div><\/a>\n\t\t\t\t<div class=\"elementor-post__text\">\n\t\t\t\t<h3 class=\"elementor-post__title\">\n\t\t\t<a href=\"https:\/\/www.ceibcn.com\/ca\/2026\/03\/estudiantes-del-master-en-sostenibilidad-participan-en-una-sesion-en-el-iemed-sobre-adaptacion-climatica\/\" >\n\t\t\t\tEstudiants del M\u00e0ster en Sostenibilitat participen a una sessi\u00f3 de l\u2019IEMed sobre adaptaci\u00f3 clim\u00e0tica\t\t\t<\/a>\n\t\t<\/h3>\n\t\t\t\t<div class=\"elementor-post__excerpt\">\n\t\t\t<p>Sessi\u00f3 per a l\u2019alumnat del M\u00e0ster en Sostenibilitat del CEI sobre les implicacions dels drets humans en la governan\u00e7a clim\u00e0tica.<\/p>\t\t<\/div>\n\t\t\t\t\t<div class=\"elementor-post__read-more-wrapper\">\n\t\t\n\t\t<a class=\"elementor-post__read-more\" href=\"https:\/\/www.ceibcn.com\/ca\/2026\/03\/estudiantes-del-master-en-sostenibilidad-participan-en-una-sesion-en-el-iemed-sobre-adaptacion-climatica\/\" aria-label=\"Read more about Estudiants del M\u00e0ster en Sostenibilitat participen a una sessi\u00f3 de l\u2019IEMed sobre adaptaci\u00f3 clim\u00e0tica\" tabindex=\"-1\" >\n\t\t\tLlegir m\u00e9s \u00bb\t\t<\/a>\n\n\t\t\t\t\t<\/div>\n\t\t\t\t<\/div>\n\t\t\t\t<div class=\"elementor-post__meta-data\">\n\t\t\t\t\t<span class=\"elementor-post-date\">\n\t\t\t17 de mar\u00e7 de 2026\t\t<\/span>\n\t\t\t\t<\/div>\n\t\t\t\t\t<\/div>\n\t\t<\/article>\n\t\t\t\t<article class=\"elementor-post elementor-grid-item post-36599 post type-post status-publish format-standard has-post-thumbnail hentry category-noticies\" role=\"listitem\">\n\t\t\t<div class=\"elementor-post__card\">\n\t\t\t\t<a class=\"elementor-post__thumbnail__link\" href=\"https:\/\/www.ceibcn.com\/ca\/2026\/03\/becas-del-100-de-matricula-y-practicas-de-master\/\" tabindex=\"-1\" ><div class=\"elementor-post__thumbnail\"><img loading=\"lazy\" decoding=\"async\" width=\"768\" height=\"432\" src=\"https:\/\/www.ceibcn.com\/wp-content\/uploads\/2026\/03\/foto-fons-noticia-CATALA-768x432.png\" class=\"attachment-medium_large size-medium_large wp-image-36601\" alt=\"\" srcset=\"https:\/\/www.ceibcn.com\/wp-content\/uploads\/2026\/03\/foto-fons-noticia-CATALA-768x432.png 768w, https:\/\/www.ceibcn.com\/wp-content\/uploads\/2026\/03\/foto-fons-noticia-CATALA-300x169.png 300w, https:\/\/www.ceibcn.com\/wp-content\/uploads\/2026\/03\/foto-fons-noticia-CATALA-1536x864.png 1536w, https:\/\/www.ceibcn.com\/wp-content\/uploads\/2026\/03\/foto-fons-noticia-CATALA-150x84.png 150w, https:\/\/www.ceibcn.com\/wp-content\/uploads\/2026\/03\/foto-fons-noticia-CATALA.png 1920w\" sizes=\"(max-width: 768px) 100vw, 768px\" \/><\/div><\/a>\n\t\t\t\t<div class=\"elementor-post__text\">\n\t\t\t\t<h3 class=\"elementor-post__title\">\n\t\t\t<a href=\"https:\/\/www.ceibcn.com\/ca\/2026\/03\/becas-del-100-de-matricula-y-practicas-de-master\/\" >\n\t\t\t\tConvocat\u00f2ria oberta: Beques del 100% de matr\u00edcula i pr\u00e0ctiques de m\u00e0ster\t\t\t<\/a>\n\t\t<\/h3>\n\t\t\t\t<div class=\"elementor-post__excerpt\">\n\t\t\t<p>El CEI International Affairs, en col\u00b7laboraci\u00f3 amb la Fundaci\u00f3 &#8220;la Caixa&#8221;, obre la convocat\u00f2ria del programa de beques de m\u00e0ster del curs acad\u00e8mic 2026\/2027.<\/p>\t\t<\/div>\n\t\t\t\t\t<div class=\"elementor-post__read-more-wrapper\">\n\t\t\n\t\t<a class=\"elementor-post__read-more\" href=\"https:\/\/www.ceibcn.com\/ca\/2026\/03\/becas-del-100-de-matricula-y-practicas-de-master\/\" aria-label=\"Read more about Convocat\u00f2ria oberta: Beques del 100% de matr\u00edcula i pr\u00e0ctiques de m\u00e0ster\" tabindex=\"-1\" >\n\t\t\tLlegir m\u00e9s \u00bb\t\t<\/a>\n\n\t\t\t\t\t<\/div>\n\t\t\t\t<\/div>\n\t\t\t\t<div class=\"elementor-post__meta-data\">\n\t\t\t\t\t<span class=\"elementor-post-date\">\n\t\t\t2 de mar\u00e7 de 2026\t\t<\/span>\n\t\t\t\t<\/div>\n\t\t\t\t\t<\/div>\n\t\t<\/article>\n\t\t\t\t<\/div>\n\t\t\t\t\t<span class=\"e-load-more-spinner\">\n\t\t\t\t<svg aria-hidden=\"true\" class=\"e-font-icon-svg e-fas-spinner\" viewBox=\"0 0 512 512\" xmlns=\"http:\/\/www.w3.org\/2000\/svg\"><path d=\"M304 48c0 26.51-21.49 48-48 48s-48-21.49-48-48 21.49-48 48-48 48 21.49 48 48zm-48 368c-26.51 0-48 21.49-48 48s21.49 48 48 48 48-21.49 48-48-21.49-48-48-48zm208-208c-26.51 0-48 21.49-48 48s21.49 48 48 48 48-21.49 48-48-21.49-48-48-48zM96 256c0-26.51-21.49-48-48-48S0 229.49 0 256s21.49 48 48 48 48-21.49 48-48zm12.922 99.078c-26.51 0-48 21.49-48 48s21.49 48 48 48 48-21.49 48-48c0-26.509-21.491-48-48-48zm294.156 0c-26.51 0-48 21.49-48 48s21.49 48 48 48 48-21.49 48-48c0-26.509-21.49-48-48-48zM108.922 60.922c-26.51 0-48 21.49-48 48s21.49 48 48 48 48-21.49 48-48-21.491-48-48-48z\"><\/path><\/svg>\t\t\t<\/span>\n\t\t\n\t\t\t\t<div class=\"e-load-more-anchor\" data-page=\"1\" data-max-page=\"12\" data-next-page=\"https:\/\/www.ceibcn.com\/ca\/wp-json\/wp\/v2\/pages\/14488\/page\/2\/\"><\/div>\n\t\t\t\t<div class=\"elementor-button-wrapper\">\n\t\t\t<a class=\"elementor-button elementor-size-sm\" role=\"button\">\n\t\t\t\t\t\t<span class=\"elementor-button-content-wrapper\">\n\t\t\t\t\t\t\t\t\t<span class=\"elementor-button-text\">Carregar m\u00e9s<\/span>\n\t\t\t\t\t<\/span>\n\t\t\t\t\t<\/a>\n\t\t<\/div>\n\t\t\t\t<div class=\"e-load-more-message\"><\/div>\n\t\t\t\t\t\t<\/div>\n\t\t\t\t<\/div>\n\t\t\t\t\t<\/div>\n\t\t<\/div>\n\t\t\t\t\t<\/div>\n\t\t<\/section>\n\t\t\t\t<\/div>\n\t\t","protected":false},"excerpt":{"rendered":"<p>NOT\u00cdCIES<\/p>\n","protected":false},"author":6,"featured_media":8235,"parent":0,"menu_order":0,"comment_status":"closed","ping_status":"closed","template":"elementor_theme","meta":{"_acf_changed":false,"_crdt_document":"","inline_featured_image":false,"footnotes":""},"class_list":["post-14488","page","type-page","status-publish","has-post-thumbnail","hentry"],"acf":[],"yoast_head":"<!-- This site is optimized with the Yoast SEO plugin v27.0 - https:\/\/yoast.com\/product\/yoast-seo-wordpress\/ -->\n<title>Not\u00edcies - CEI International Affairs<\/title>\n<meta name=\"robots\" content=\"index, follow, max-snippet:-1, max-image-preview:large, max-video-preview:-1\" \/>\n<link rel=\"canonical\" href=\"https:\/\/www.ceibcn.com\/ca\/noticies\/\" \/>\n<meta property=\"og:locale\" content=\"ca_ES\" \/>\n<meta property=\"og:type\" content=\"article\" \/>\n<meta property=\"og:title\" content=\"Not\u00edcies - CEI International Affairs\" \/>\n<meta property=\"og:description\" content=\"NOT\u00cdCIES\" \/>\n<meta property=\"og:url\" content=\"https:\/\/www.ceibcn.com\/ca\/noticies\/\" \/>\n<meta property=\"og:site_name\" content=\"CEI International Affairs\" \/>\n<meta property=\"article:publisher\" content=\"https:\/\/www.facebook.com\/CEI.CentroDeEstudiosInternacionales\/\" \/>\n<meta property=\"article:modified_time\" content=\"2025-12-18T12:38:56+00:00\" \/>\n<meta property=\"og:image\" content=\"https:\/\/www.ceibcn.com\/wp-content\/uploads\/2022\/10\/Foto-CD-scaled.jpg\" \/>\n\t<meta property=\"og:image:width\" content=\"2560\" \/>\n\t<meta property=\"og:image:height\" content=\"1707\" \/>\n\t<meta property=\"og:image:type\" content=\"image\/jpeg\" \/>\n<meta name=\"twitter:card\" content=\"summary_large_image\" \/>\n<meta name=\"twitter:site\" content=\"@CEIbcn\" \/>\n<meta name=\"twitter:label1\" content=\"Temps estimat de lectura\" \/>\n\t<meta name=\"twitter:data1\" content=\"5 minuts\" \/>\n<script type=\"application\/ld+json\" class=\"yoast-schema-graph\">{\"@context\":\"https:\/\/schema.org\",\"@graph\":[{\"@type\":\"WebPage\",\"@id\":\"https:\/\/www.ceibcn.com\/ca\/noticies\/\",\"url\":\"https:\/\/www.ceibcn.com\/ca\/noticies\/\",\"name\":\"Not\u00edcies - CEI International Affairs\",\"isPartOf\":{\"@id\":\"https:\/\/www.ceibcn.com\/ca\/#website\"},\"primaryImageOfPage\":{\"@id\":\"https:\/\/www.ceibcn.com\/ca\/noticies\/#primaryimage\"},\"image\":{\"@id\":\"https:\/\/www.ceibcn.com\/ca\/noticies\/#primaryimage\"},\"thumbnailUrl\":\"https:\/\/www.ceibcn.com\/wp-content\/uploads\/2022\/10\/Foto-CD-scaled.jpg\",\"datePublished\":\"2022-11-03T07:36:24+00:00\",\"dateModified\":\"2025-12-18T12:38:56+00:00\",\"breadcrumb\":{\"@id\":\"https:\/\/www.ceibcn.com\/ca\/noticies\/#breadcrumb\"},\"inLanguage\":\"ca\",\"potentialAction\":[{\"@type\":\"ReadAction\",\"target\":[\"https:\/\/www.ceibcn.com\/ca\/noticies\/\"]}]},{\"@type\":\"ImageObject\",\"inLanguage\":\"ca\",\"@id\":\"https:\/\/www.ceibcn.com\/ca\/noticies\/#primaryimage\",\"url\":\"https:\/\/www.ceibcn.com\/wp-content\/uploads\/2022\/10\/Foto-CD-scaled.jpg\",\"contentUrl\":\"https:\/\/www.ceibcn.com\/wp-content\/uploads\/2022\/10\/Foto-CD-scaled.jpg\",\"width\":2560,\"height\":1707,\"caption\":\"Close-up of African American female student learning from books in a library.\"},{\"@type\":\"BreadcrumbList\",\"@id\":\"https:\/\/www.ceibcn.com\/ca\/noticies\/#breadcrumb\",\"itemListElement\":[{\"@type\":\"ListItem\",\"position\":1,\"name\":\"Portada\",\"item\":\"https:\/\/www.ceibcn.com\/ca\/\"},{\"@type\":\"ListItem\",\"position\":2,\"name\":\"Not\u00edcies\"}]},{\"@type\":\"WebSite\",\"@id\":\"https:\/\/www.ceibcn.com\/ca\/#website\",\"url\":\"https:\/\/www.ceibcn.com\/ca\/\",\"name\":\"CEI International Affairs\",\"description\":\"CEI International Affairs\",\"publisher\":{\"@id\":\"https:\/\/www.ceibcn.com\/ca\/#organization\"},\"alternateName\":\"CEI International Affairs\",\"potentialAction\":[{\"@type\":\"SearchAction\",\"target\":{\"@type\":\"EntryPoint\",\"urlTemplate\":\"https:\/\/www.ceibcn.com\/ca\/?s={search_term_string}\"},\"query-input\":{\"@type\":\"PropertyValueSpecification\",\"valueRequired\":true,\"valueName\":\"search_term_string\"}}],\"inLanguage\":\"ca\"},{\"@type\":\"Organization\",\"@id\":\"https:\/\/www.ceibcn.com\/ca\/#organization\",\"name\":\"CEI International Affairs\",\"url\":\"https:\/\/www.ceibcn.com\/ca\/\",\"logo\":{\"@type\":\"ImageObject\",\"inLanguage\":\"ca\",\"@id\":\"https:\/\/www.ceibcn.com\/ca\/#\/schema\/logo\/image\/\",\"url\":\"https:\/\/www.ceibcn.com\/wp-content\/uploads\/2021\/09\/CeiLogo_EscuelaDiploVectorized_vectorizedSIN_FONDO.png\",\"contentUrl\":\"https:\/\/www.ceibcn.com\/wp-content\/uploads\/2021\/09\/CeiLogo_EscuelaDiploVectorized_vectorizedSIN_FONDO.png\",\"width\":1591,\"height\":629,\"caption\":\"CEI International Affairs\"},\"image\":{\"@id\":\"https:\/\/www.ceibcn.com\/ca\/#\/schema\/logo\/image\/\"},\"sameAs\":[\"https:\/\/www.facebook.com\/CEI.CentroDeEstudiosInternacionales\/\",\"https:\/\/x.com\/CEIbcn\",\"https:\/\/www.instagram.com\/cei_international\/\"]}]}<\/script>\n<!-- \/ Yoast SEO plugin. -->","yoast_head_json":{"title":"Not\u00edcies - CEI International Affairs","robots":{"index":"index","follow":"follow","max-snippet":"max-snippet:-1","max-image-preview":"max-image-preview:large","max-video-preview":"max-video-preview:-1"},"canonical":"https:\/\/www.ceibcn.com\/ca\/noticies\/","og_locale":"ca_ES","og_type":"article","og_title":"Not\u00edcies - CEI International Affairs","og_description":"NOT\u00cdCIES","og_url":"https:\/\/www.ceibcn.com\/ca\/noticies\/","og_site_name":"CEI International Affairs","article_publisher":"https:\/\/www.facebook.com\/CEI.CentroDeEstudiosInternacionales\/","article_modified_time":"2025-12-18T12:38:56+00:00","og_image":[{"width":2560,"height":1707,"url":"https:\/\/www.ceibcn.com\/wp-content\/uploads\/2022\/10\/Foto-CD-scaled.jpg","type":"image\/jpeg"}],"twitter_card":"summary_large_image","twitter_site":"@CEIbcn","twitter_misc":{"Temps estimat de lectura":"5 minuts"},"schema":{"@context":"https:\/\/schema.org","@graph":[{"@type":"WebPage","@id":"https:\/\/www.ceibcn.com\/ca\/noticies\/","url":"https:\/\/www.ceibcn.com\/ca\/noticies\/","name":"Not\u00edcies - CEI International Affairs","isPartOf":{"@id":"https:\/\/www.ceibcn.com\/ca\/#website"},"primaryImageOfPage":{"@id":"https:\/\/www.ceibcn.com\/ca\/noticies\/#primaryimage"},"image":{"@id":"https:\/\/www.ceibcn.com\/ca\/noticies\/#primaryimage"},"thumbnailUrl":"https:\/\/www.ceibcn.com\/wp-content\/uploads\/2022\/10\/Foto-CD-scaled.jpg","datePublished":"2022-11-03T07:36:24+00:00","dateModified":"2025-12-18T12:38:56+00:00","breadcrumb":{"@id":"https:\/\/www.ceibcn.com\/ca\/noticies\/#breadcrumb"},"inLanguage":"ca","potentialAction":[{"@type":"ReadAction","target":["https:\/\/www.ceibcn.com\/ca\/noticies\/"]}]},{"@type":"ImageObject","inLanguage":"ca","@id":"https:\/\/www.ceibcn.com\/ca\/noticies\/#primaryimage","url":"https:\/\/www.ceibcn.com\/wp-content\/uploads\/2022\/10\/Foto-CD-scaled.jpg","contentUrl":"https:\/\/www.ceibcn.com\/wp-content\/uploads\/2022\/10\/Foto-CD-scaled.jpg","width":2560,"height":1707,"caption":"Close-up of African American female student learning from books in a library."},{"@type":"BreadcrumbList","@id":"https:\/\/www.ceibcn.com\/ca\/noticies\/#breadcrumb","itemListElement":[{"@type":"ListItem","position":1,"name":"Portada","item":"https:\/\/www.ceibcn.com\/ca\/"},{"@type":"ListItem","position":2,"name":"Not\u00edcies"}]},{"@type":"WebSite","@id":"https:\/\/www.ceibcn.com\/ca\/#website","url":"https:\/\/www.ceibcn.com\/ca\/","name":"CEI International Affairs","description":"CEI International Affairs","publisher":{"@id":"https:\/\/www.ceibcn.com\/ca\/#organization"},"alternateName":"CEI International Affairs","potentialAction":[{"@type":"SearchAction","target":{"@type":"EntryPoint","urlTemplate":"https:\/\/www.ceibcn.com\/ca\/?s={search_term_string}"},"query-input":{"@type":"PropertyValueSpecification","valueRequired":true,"valueName":"search_term_string"}}],"inLanguage":"ca"},{"@type":"Organization","@id":"https:\/\/www.ceibcn.com\/ca\/#organization","name":"CEI International Affairs","url":"https:\/\/www.ceibcn.com\/ca\/","logo":{"@type":"ImageObject","inLanguage":"ca","@id":"https:\/\/www.ceibcn.com\/ca\/#\/schema\/logo\/image\/","url":"https:\/\/www.ceibcn.com\/wp-content\/uploads\/2021\/09\/CeiLogo_EscuelaDiploVectorized_vectorizedSIN_FONDO.png","contentUrl":"https:\/\/www.ceibcn.com\/wp-content\/uploads\/2021\/09\/CeiLogo_EscuelaDiploVectorized_vectorizedSIN_FONDO.png","width":1591,"height":629,"caption":"CEI International Affairs"},"image":{"@id":"https:\/\/www.ceibcn.com\/ca\/#\/schema\/logo\/image\/"},"sameAs":["https:\/\/www.facebook.com\/CEI.CentroDeEstudiosInternacionales\/","https:\/\/x.com\/CEIbcn","https:\/\/www.instagram.com\/cei_international\/"]}]}},"_links":{"self":[{"href":"https:\/\/www.ceibcn.com\/ca\/wp-json\/wp\/v2\/pages\/14488","targetHints":{"allow":["GET"]}}],"collection":[{"href":"https:\/\/www.ceibcn.com\/ca\/wp-json\/wp\/v2\/pages"}],"about":[{"href":"https:\/\/www.ceibcn.com\/ca\/wp-json\/wp\/v2\/types\/page"}],"author":[{"embeddable":true,"href":"https:\/\/www.ceibcn.com\/ca\/wp-json\/wp\/v2\/users\/6"}],"replies":[{"embeddable":true,"href":"https:\/\/www.ceibcn.com\/ca\/wp-json\/wp\/v2\/comments?post=14488"}],"version-history":[{"count":19,"href":"https:\/\/www.ceibcn.com\/ca\/wp-json\/wp\/v2\/pages\/14488\/revisions"}],"predecessor-version":[{"id":33437,"href":"https:\/\/www.ceibcn.com\/ca\/wp-json\/wp\/v2\/pages\/14488\/revisions\/33437"}],"wp:featuredmedia":[{"embeddable":true,"href":"https:\/\/www.ceibcn.com\/ca\/wp-json\/wp\/v2\/media\/8235"}],"wp:attachment":[{"href":"https:\/\/www.ceibcn.com\/ca\/wp-json\/wp\/v2\/media?parent=14488"}],"curies":[{"name":"wp","href":"https:\/\/api.w.org\/{rel}","templated":true}]}}