{"id":25333,"date":"2024-10-03T12:22:00","date_gmt":"2024-10-03T10:22:00","guid":{"rendered":"https:\/\/www.ceibcn.com\/movilidad-internacional\/"},"modified":"2026-03-04T17:14:10","modified_gmt":"2026-03-04T16:14:10","slug":"mobilitat-internacional","status":"publish","type":"page","link":"https:\/\/www.ceibcn.com\/ca\/mobilitat-internacional\/","title":{"rendered":"Mobilitat Internacional"},"content":{"rendered":"\t\t<div data-elementor-type=\"wp-page\" data-elementor-id=\"25333\" class=\"elementor elementor-25333 elementor-25306\" data-elementor-settings=\"{&quot;ha_cmc_init_switcher&quot;:&quot;no&quot;}\" data-elementor-post-type=\"page\">\n\t\t\t\t\t\t<section class=\"elementor-section elementor-top-section elementor-element elementor-element-085f236 elementor-section-full_width elementor-section-height-default elementor-section-height-default\" data-id=\"085f236\" data-element_type=\"section\" data-e-type=\"section\" data-settings=\"{&quot;_ha_eqh_enable&quot;:false}\">\n\t\t\t\t\t\t<div class=\"elementor-container elementor-column-gap-no\">\n\t\t\t\t\t<div class=\"elementor-column elementor-col-100 elementor-top-column elementor-element elementor-element-59619b3\" data-id=\"59619b3\" data-element_type=\"column\" data-e-type=\"column\">\n\t\t\t<div class=\"elementor-widget-wrap elementor-element-populated\">\n\t\t\t\t\t\t<div class=\"elementor-element elementor-element-d1083b7 elementor-widget elementor-widget-template\" data-id=\"d1083b7\" data-element_type=\"widget\" data-e-type=\"widget\" data-widget_type=\"template.default\">\n\t\t\t\t<div class=\"elementor-widget-container\">\n\t\t\t\t\t\t\t<div class=\"elementor-template\">\n\t\t\t\t\t<div data-elementor-type=\"section\" data-elementor-id=\"32448\" class=\"elementor elementor-32448 elementor-8837\" data-elementor-settings=\"{&quot;ha_cmc_init_switcher&quot;:&quot;no&quot;}\" data-elementor-post-type=\"elementor_library\">\n\t\t\t\t\t<section class=\"elementor-section elementor-top-section elementor-element elementor-element-dfcd260 elementor-section-full_width elementor-section-stretched elementor-section-height-default elementor-section-height-default\" data-id=\"dfcd260\" data-element_type=\"section\" data-e-type=\"section\" data-settings=\"{&quot;stretch_section&quot;:&quot;section-stretched&quot;,&quot;background_background&quot;:&quot;video&quot;,&quot;background_video_link&quot;:&quot;https:\\\/\\\/youtu.be\\\/omJ2R4bKeQo&quot;,&quot;background_play_on_mobile&quot;:&quot;yes&quot;,&quot;background_privacy_mode&quot;:&quot;yes&quot;,&quot;_ha_eqh_enable&quot;:false}\">\n\t\t\t\t\t\t\t\t<div class=\"elementor-background-video-container\">\n\t\t\t\t\t\t\t\t\t\t\t\t\t<div class=\"elementor-background-video-embed\" role=\"presentation\"><\/div>\n\t\t\t\t\t\t\t\t\t\t\t\t<\/div>\n\t\t\t\t\t\t\t\t\t<div class=\"elementor-background-overlay\"><\/div>\n\t\t\t\t\t\t\t<div class=\"elementor-container elementor-column-gap-no\">\n\t\t\t\t\t<div class=\"elementor-column elementor-col-16 elementor-top-column elementor-element elementor-element-d5794ea\" data-id=\"d5794ea\" data-element_type=\"column\" data-e-type=\"column\">\n\t\t\t<div class=\"elementor-widget-wrap elementor-element-populated\">\n\t\t\t\t\t\t<div class=\"elementor-element elementor-element-a90efef elementor-widget elementor-widget-text-editor\" data-id=\"a90efef\" data-element_type=\"widget\" data-e-type=\"widget\" data-widget_type=\"text-editor.default\">\n\t\t\t\t<div class=\"elementor-widget-container\">\n\t\t\t\t\t\t\t\t\t<p>Centre adscrit<\/p>\t\t\t\t\t\t\t\t<\/div>\n\t\t\t\t<\/div>\n\t\t\t\t<div class=\"elementor-element elementor-element-bfbecf7 elementor-widget elementor-widget-image\" data-id=\"bfbecf7\" data-element_type=\"widget\" data-e-type=\"widget\" data-widget_type=\"image.default\">\n\t\t\t\t<div class=\"elementor-widget-container\">\n\t\t\t\t\t\t\t\t\t\t\t\t\t\t\t<img decoding=\"async\" width=\"200\" height=\"100\" src=\"https:\/\/www.ceibcn.com\/wp-content\/uploads\/2022\/11\/Logo-UB-1.png\" class=\"attachment-full size-full wp-image-10336\" alt=\"\" srcset=\"https:\/\/www.ceibcn.com\/wp-content\/uploads\/2022\/11\/Logo-UB-1.png 200w, https:\/\/www.ceibcn.com\/wp-content\/uploads\/2022\/11\/Logo-UB-1-150x75.png 150w\" sizes=\"(max-width: 200px) 100vw, 200px\" \/>\t\t\t\t\t\t\t\t\t\t\t\t\t\t\t<\/div>\n\t\t\t\t<\/div>\n\t\t\t\t\t<\/div>\n\t\t<\/div>\n\t\t\t\t<div class=\"elementor-column elementor-col-66 elementor-top-column elementor-element elementor-element-bad17f7\" data-id=\"bad17f7\" data-element_type=\"column\" data-e-type=\"column\">\n\t\t\t<div class=\"elementor-widget-wrap elementor-element-populated\">\n\t\t\t\t\t\t<div class=\"elementor-element elementor-element-883544c elementor-widget elementor-widget-heading\" data-id=\"883544c\" data-element_type=\"widget\" data-e-type=\"widget\" data-widget_type=\"heading.default\">\n\t\t\t\t<div class=\"elementor-widget-container\">\n\t\t\t\t\t<h1 class=\"elementor-heading-title elementor-size-default\">M\u00e0ster Universitari en Diplom\u00e0cia<br>i Organitzacions Internacionals<\/h1>\t\t\t\t<\/div>\n\t\t\t\t<\/div>\n\t\t\t\t<div class=\"elementor-element elementor-element-b66e77e elementor-widget elementor-widget-spacer\" data-id=\"b66e77e\" data-element_type=\"widget\" data-e-type=\"widget\" data-widget_type=\"spacer.default\">\n\t\t\t\t<div class=\"elementor-widget-container\">\n\t\t\t\t\t\t\t<div class=\"elementor-spacer\">\n\t\t\t<div class=\"elementor-spacer-inner\"><\/div>\n\t\t<\/div>\n\t\t\t\t\t\t<\/div>\n\t\t\t\t<\/div>\n\t\t\t\t\t<\/div>\n\t\t<\/div>\n\t\t\t\t<div class=\"elementor-column elementor-col-16 elementor-top-column elementor-element elementor-element-a7e3ebd\" data-id=\"a7e3ebd\" data-element_type=\"column\" data-e-type=\"column\">\n\t\t\t<div class=\"elementor-widget-wrap elementor-element-populated\">\n\t\t\t\t\t\t<div class=\"elementor-element elementor-element-4a89661 premium-modal-dismissible-yes elementor-widget elementor-widget-premium-addon-modal-box\" data-id=\"4a89661\" data-element_type=\"widget\" data-e-type=\"widget\" data-settings=\"{&quot;premium_modal_box_animation&quot;:&quot;fadeInDown&quot;}\" data-widget_type=\"premium-addon-modal-box.default\">\n\t\t\t\t<div class=\"elementor-widget-container\">\n\t\t\t\t\t\r\n\t\t<div class=\"premium-modal-box-container\" data-settings=\"{&quot;trigger&quot;:&quot;button&quot;,&quot;show_on_exit&quot;:false}\">\r\n\t\t\t<div class=\"premium-modal-trigger-container\">\r\n\t\t\t\t\t\t\t\t\t<button data-toggle=\"premium-modal\" data-target=\"#premium-modal-4a89661\" type=\"button\" class=\"premium-modal-trigger-btn premium-btn-block premium-button-none \" data-text=\"Sol\u00b7licitar Informaci\u00f3\">\r\n\r\n\t\t\t\t\t\t<i aria-hidden=\"true\" class=\"premium-svg-nodraw icon icon-envelope2\"><\/i>\r\n\t\t\t\t\t\t<div class=\"premium-button-text-icon-wrapper\">\r\n\t\t\t\t\t\t\t<span>Sol\u00b7licitar Informaci\u00f3<\/span>\r\n\t\t\t\t\t\t<\/div>\r\n\r\n\t\t\t\t\t\t\r\n\t\t\t\t\t\t\r\n\t\t\t\t\t\t\r\n\t\t\t\t\t<\/button>\r\n\t\t\t\t\t\t\t<\/div>\r\n\r\n\t\t\t<div id=\"premium-modal-4a89661\" class=\"premium-modal-box-modal\"\r\n\t\t\trole=\"dialog\"\r\n\t\t\tstyle=\"display: none\"\r\n\t\t\t>\r\n\t\t\t\t<div class=\"premium-modal-box-modal-dialog\" data-delay-animation=\"\" data-modal-animation=\"fadeInDown animated-fast\">\r\n\t\t\t\t\t\t\t\t\t\t\t<div class=\"premium-modal-box-modal-header\">\r\n\t\t\t\t\t\t\t\t\t\t\t\t\t\t\t<h3 class=\"premium-modal-box-modal-title\">\r\n\t\t\t\t\t\t\t\t\tSol\u00b7licitar Informaci\u00f3\t\t\t\t\t\t\t\t<\/h3>\r\n\t\t\t\t\t\t\t\t\t\t\t\t\t\t\t\t\t\t\t\t\t\t<div class=\"premium-modal-box-close-button-container\">\r\n\t\t\t\t\t\t\t\t\t<button type=\"button\" class=\"premium-modal-box-modal-close\" data-dismiss=\"premium-modal\">&times;<\/button>\r\n\t\t\t\t\t\t\t\t<\/div>\r\n\t\t\t\t\t\t\t\t\t\t\t\t\t<\/div>\r\n\t\t\t\t\t\t\t\t\t\t<div class=\"premium-modal-box-modal-body\">\r\n\t\t\t\t\t\t\t\t\t\t\t\t\t<p>\n<div class=\"wpcf7 no-js\" id=\"wpcf7-f21117-p14350-o1\" lang=\"ca\" dir=\"ltr\" data-wpcf7-id=\"21117\">\n<div class=\"screen-reader-response\"><p role=\"status\" aria-live=\"polite\" aria-atomic=\"true\"><\/p> <ul><\/ul><\/div>\n<form action=\"\/ca\/masters\/mudoi\/programa\/#wpcf7-f21117-p14350-o1\" method=\"post\" class=\"wpcf7-form init\" aria-label=\"Formulari de contacte\" novalidate=\"novalidate\" data-status=\"init\">\n<fieldset class=\"hidden-fields-container\"><input type=\"hidden\" name=\"_wpcf7\" value=\"21117\" \/><input type=\"hidden\" name=\"_wpcf7_version\" value=\"6.1.5\" \/><input type=\"hidden\" name=\"_wpcf7_locale\" value=\"ca\" \/><input type=\"hidden\" name=\"_wpcf7_unit_tag\" value=\"wpcf7-f21117-p14350-o1\" \/><input type=\"hidden\" name=\"_wpcf7_container_post\" value=\"14350\" \/><input type=\"hidden\" name=\"_wpcf7_posted_data_hash\" value=\"\" \/><input type=\"hidden\" name=\"_wpcf7_recaptcha_response\" value=\"\" \/>\n<\/fieldset>\n<input class=\"wpcf7-form-control wpcf7-hidden\" value=\"WEB SOLICITA INFORMACI\u00d3N\" type=\"hidden\" name=\"field-origen\" \/>\n<div style=\"display: none\" class=\"campo\">\n\t<p><span class=\"wpcf7-form-control-wrap\" data-name=\"field-programa\"><select class=\"wpcf7-form-control wpcf7-select wpcf7-validates-as-required\" aria-required=\"true\" aria-invalid=\"false\" name=\"field-programa\"><option value=\"M\u00e1ster Universitario en Diplomacia y Organizaciones Internacionales\">M\u00e1ster Universitario en Diplomacia y Organizaciones Internacionales<\/option><\/select><\/span>\n\t<\/p>\n<\/div>\n<p><label for=\"field-nombre\"><\/label><span class=\"wpcf7-form-control-wrap\" data-name=\"field-nombre\"><input size=\"40\" maxlength=\"400\" class=\"wpcf7-form-control wpcf7-text wpcf7-validates-as-required\" aria-required=\"true\" aria-invalid=\"false\" placeholder=\"Nom\" value=\"\" type=\"text\" name=\"field-nombre\" \/><\/span><br \/>\n<label for=\"field-apellidos\"><\/label><span class=\"wpcf7-form-control-wrap\" data-name=\"field-apellidos\"><input size=\"40\" maxlength=\"400\" class=\"wpcf7-form-control wpcf7-text wpcf7-validates-as-required\" aria-required=\"true\" aria-invalid=\"false\" placeholder=\"Cognoms\" value=\"\" type=\"text\" name=\"field-apellidos\" \/><\/span><br \/>\n<label for=\"field-email\"><\/label><span class=\"wpcf7-form-control-wrap\" data-name=\"field-email\"><input size=\"40\" maxlength=\"400\" class=\"wpcf7-form-control wpcf7-email wpcf7-validates-as-required wpcf7-text wpcf7-validates-as-email\" aria-required=\"true\" aria-invalid=\"false\" placeholder=\"Correu electr\u00f2nic\" value=\"\" type=\"email\" name=\"field-email\" \/><\/span><br \/>\n<label for=\"field-telefono\"><\/label><span class=\"wpcf7-form-control-wrap\" data-name=\"field-telefono\"><input size=\"40\" class=\"wpcf7-form-control wpcf7-phonetext wpcf7-validates-as-required wpcf7-text wpcf7-validates-as-phonetext\" aria-required=\"true\" aria-invalid=\"false\" placeholder=\"Tel\u00e8fon\" value=\"\" type=\"text\" name=\"field-telefono\" \/><input type=\"hidden\" name=\"field-telefono-country-code\" class=\"wpcf7-phonetext-country-code\" \/><\/span>\n<\/p>\n<details>\n\t<summary style=\"color:white;\">Tractament de les vostres dades\n\t<\/summary>\n\t<div class=\"legal-white\">\n\t\t<p>L&#8217;informem que el responsable del tractament d&#8217;aquest formulari de recollida de dades \u00e9s CEI International Affairs.<br \/>\nLa finalitat principal d&#8217;aquest formulari \u00e9s registrar la sol\u00b7licitud de l&#8217;usuari d&#8217;informaci\u00f3 i poder gestionar la seva petici\u00f3 de sol\u00b7licitud d&#8217;informaci\u00f3, relacionada amb els serveis i\/o productes dels quals CEI International Affairs disposa.<br \/>\nAix\u00ed mateix, informem l&#8217;usuari que la base leg\u00edtima per als tractaments que es van a dur a terme \u00e9s el consentiment.<br \/>\nD&#8217;acord amb els drets que li confereix la normativa vigent en protecci\u00f3 de dades, l&#8217;usuari podr\u00e0 dirigir-se a l&#8217;autoritat de control competent per a presentar la reclamaci\u00f3 que consideri oportuna, aix\u00ed com tamb\u00e9 podr\u00e0 exercir els drets d&#8217;acc\u00e9s, rectificaci\u00f3, limitaci\u00f3 de tractament, supressi\u00f3, portabilitat i oposici\u00f3 al tractament de les seves dades de car\u00e0cter personal, aix\u00ed com a la retirada del consentiment prestat per al tractament dels mateixos. Per a m\u00e9s informaci\u00f3, l&#8217;usuari pot dirigir-se a la nostra pol\u00edtica de privacitat.\n\t\t<\/p>\n\t<\/div>\n<\/details>\n<p><span class=\"wpcf7-form-control-wrap\" data-name=\"field-privacidad\"><span class=\"wpcf7-form-control wpcf7-acceptance\"><span class=\"wpcf7-list-item\"><label><input type=\"checkbox\" name=\"field-privacidad\" value=\"1\" aria-invalid=\"false\" \/><span class=\"wpcf7-list-item-label\">Autoritzo l&#8217;\u00fas de les meves dades per als fins indicats a la <a href=\"politica-de-proteccio-de-dades\/\">Protecci\u00f3 de dades personals<\/a><\/span><\/label><\/span><\/span><\/span><br \/>\n<span class=\"wpcf7-form-control-wrap\" data-name=\"field-publicidad\"><span class=\"wpcf7-form-control wpcf7-acceptance optional\"><span class=\"wpcf7-list-item\"><label><input type=\"checkbox\" name=\"field-publicidad\" value=\"1\" aria-invalid=\"false\" \/><span class=\"wpcf7-list-item-label\">Subscriure&#8217;m al butllet\u00ed de not\u00edcies i esdeveniments relacionats amb el CEI<\/span><\/label><\/span><\/span><\/span><br \/>\n<input class=\"wpcf7-form-control wpcf7-submit has-spinner\" type=\"submit\" value=\"Vull m\u00e9s informaci\u00f3\" \/>\n<\/p><div class=\"wpcf7-response-output\" aria-hidden=\"true\"><\/div>\n<\/form>\n<\/div>\n<\/p>\r\n\t\t\t\t\t\t\t\t\t\t\t<\/div>\r\n\t\t\t\t\t\t\t\t\t<\/div>\r\n\t\t\t<\/div>\r\n\t\t<\/div>\r\n\t\t\t\t\t\t<\/div>\n\t\t\t\t<\/div>\n\t\t\t\t<div class=\"elementor-element elementor-element-64397f6 premium-modal-dismissible-yes elementor-widget elementor-widget-premium-addon-modal-box\" data-id=\"64397f6\" data-element_type=\"widget\" data-e-type=\"widget\" data-settings=\"{&quot;premium_modal_box_animation&quot;:&quot;fadeInDown&quot;}\" data-widget_type=\"premium-addon-modal-box.default\">\n\t\t\t\t<div class=\"elementor-widget-container\">\n\t\t\t\t\t\r\n\t\t<div class=\"premium-modal-box-container\" data-settings=\"{&quot;trigger&quot;:&quot;button&quot;,&quot;show_on_exit&quot;:false}\">\r\n\t\t\t<div class=\"premium-modal-trigger-container\">\r\n\t\t\t\t\t\t\t\t\t<button data-toggle=\"premium-modal\" data-target=\"#premium-modal-64397f6\" type=\"button\" class=\"premium-modal-trigger-btn premium-btn-block premium-button-none \" data-text=\"Descarregar D\u00edptic\">\r\n\r\n\t\t\t\t\t\t<i aria-hidden=\"true\" class=\"premium-svg-nodraw icon icon-download1\"><\/i>\r\n\t\t\t\t\t\t<div class=\"premium-button-text-icon-wrapper\">\r\n\t\t\t\t\t\t\t<span>Descarregar D\u00edptic<\/span>\r\n\t\t\t\t\t\t<\/div>\r\n\r\n\t\t\t\t\t\t\r\n\t\t\t\t\t\t\r\n\t\t\t\t\t\t\r\n\t\t\t\t\t<\/button>\r\n\t\t\t\t\t\t\t<\/div>\r\n\r\n\t\t\t<div id=\"premium-modal-64397f6\" class=\"premium-modal-box-modal\"\r\n\t\t\trole=\"dialog\"\r\n\t\t\tstyle=\"display: none\"\r\n\t\t\t>\r\n\t\t\t\t<div class=\"premium-modal-box-modal-dialog\" data-delay-animation=\"\" data-modal-animation=\"fadeInDown animated-fast\">\r\n\t\t\t\t\t\t\t\t\t\t\t<div class=\"premium-modal-box-modal-header\">\r\n\t\t\t\t\t\t\t\t\t\t\t\t\t\t\t<h3 class=\"premium-modal-box-modal-title\">\r\n\t\t\t\t\t\t\t\t\tDescarregar D\u00edptic\t\t\t\t\t\t\t\t<\/h3>\r\n\t\t\t\t\t\t\t\t\t\t\t\t\t\t\t\t\t\t\t\t\t\t<div class=\"premium-modal-box-close-button-container\">\r\n\t\t\t\t\t\t\t\t\t<button type=\"button\" class=\"premium-modal-box-modal-close\" data-dismiss=\"premium-modal\">&times;<\/button>\r\n\t\t\t\t\t\t\t\t<\/div>\r\n\t\t\t\t\t\t\t\t\t\t\t\t\t<\/div>\r\n\t\t\t\t\t\t\t\t\t\t<div class=\"premium-modal-box-modal-body\">\r\n\t\t\t\t\t\t\t\t\t\t\t\t\t<p>\n<div class=\"wpcf7 no-js\" id=\"wpcf7-f15581-p14350-o2\" lang=\"ca\" dir=\"ltr\" data-wpcf7-id=\"15581\">\n<div class=\"screen-reader-response\"><p role=\"status\" aria-live=\"polite\" aria-atomic=\"true\"><\/p> <ul><\/ul><\/div>\n<form action=\"\/ca\/masters\/mudoi\/programa\/#wpcf7-f15581-p14350-o2\" method=\"post\" class=\"wpcf7-form init\" aria-label=\"Formulari de contacte\" novalidate=\"novalidate\" data-status=\"init\">\n<fieldset class=\"hidden-fields-container\"><input type=\"hidden\" name=\"_wpcf7\" value=\"15581\" \/><input type=\"hidden\" name=\"_wpcf7_version\" value=\"6.1.5\" \/><input type=\"hidden\" name=\"_wpcf7_locale\" value=\"ca\" \/><input type=\"hidden\" name=\"_wpcf7_unit_tag\" value=\"wpcf7-f15581-p14350-o2\" \/><input type=\"hidden\" name=\"_wpcf7_container_post\" value=\"14350\" \/><input type=\"hidden\" name=\"_wpcf7_posted_data_hash\" value=\"\" \/><input type=\"hidden\" name=\"_wpcf7_recaptcha_response\" value=\"\" \/>\n<\/fieldset>\n<input class=\"wpcf7-form-control wpcf7-hidden\" value=\"MUDOI\" type=\"hidden\" name=\"field-otro_idioma\" \/>\n<input class=\"wpcf7-form-control wpcf7-hidden\" value=\"WEB DESCARGA FOLLETO\" type=\"hidden\" name=\"field-origen\" \/>\n<p><span class=\"wpcf7-form-control-wrap\" data-name=\"field-nombre\"><input size=\"40\" maxlength=\"400\" class=\"wpcf7-form-control wpcf7-text wpcf7-validates-as-required\" aria-required=\"true\" aria-invalid=\"false\" placeholder=\"Nom\" value=\"\" type=\"text\" name=\"field-nombre\" \/><\/span><br \/>\n<span class=\"wpcf7-form-control-wrap\" data-name=\"field-apellidos\"><input size=\"40\" maxlength=\"400\" class=\"wpcf7-form-control wpcf7-text wpcf7-validates-as-required\" aria-required=\"true\" aria-invalid=\"false\" placeholder=\"Cognom\/s\" value=\"\" type=\"text\" name=\"field-apellidos\" \/><\/span><br \/>\n<span class=\"wpcf7-form-control-wrap\" data-name=\"field-email\"><input size=\"40\" maxlength=\"400\" class=\"wpcf7-form-control wpcf7-email wpcf7-validates-as-required wpcf7-text wpcf7-validates-as-email\" aria-required=\"true\" aria-invalid=\"false\" placeholder=\"Correu electr\u00f2nic\" value=\"\" type=\"email\" name=\"field-email\" \/><\/span><br \/>\n<span class=\"wpcf7-form-control-wrap\" data-name=\"field-telefono\"><input size=\"40\" class=\"wpcf7-form-control wpcf7-phonetext wpcf7-validates-as-required wpcf7-text wpcf7-validates-as-phonetext\" aria-required=\"true\" aria-invalid=\"false\" placeholder=\"Tel\u00e8fon\" value=\"\" type=\"text\" name=\"field-telefono\" \/><input type=\"hidden\" name=\"field-telefono-country-code\" class=\"wpcf7-phonetext-country-code\" \/><\/span><span class=\"wpcf7-form-control-wrap\" data-name=\"field-pais\"><select class=\"wpcf7-form-control wpcf7-select wpcf7-validates-as-required\" aria-required=\"true\" aria-invalid=\"false\" name=\"field-pais\"><option value=\"\">Pa\u00eds de resid\u00e8ncia<\/option><option value=\"Aruba\">Aruba<\/option><option value=\"Afghanistan\">Afghanistan<\/option><option value=\"Angola\">Angola<\/option><option value=\"Anguilla\">Anguilla<\/option><option value=\"\u00c5land Islands\">\u00c5land Islands<\/option><option value=\"Albania\">Albania<\/option><option value=\"Andorra\">Andorra<\/option><option value=\"United Arab Emirates\">United Arab Emirates<\/option><option value=\"Argentina\">Argentina<\/option><option value=\"Armenia\">Armenia<\/option><option value=\"American Samoa\">American Samoa<\/option><option value=\"Antarctica\">Antarctica<\/option><option value=\"French Southern Territories\">French Southern Territories<\/option><option value=\"Antigua and Barbuda\">Antigua and Barbuda<\/option><option value=\"Australia\">Australia<\/option><option value=\"Austria\">Austria<\/option><option value=\"Azerbaijan\">Azerbaijan<\/option><option value=\"Burundi\">Burundi<\/option><option value=\"Belgium\">Belgium<\/option><option value=\"Benin\">Benin<\/option><option value=\"Bonaire, Sint Eustatius and Saba\">Bonaire, Sint Eustatius and Saba<\/option><option value=\"Burkina Faso\">Burkina Faso<\/option><option value=\"Bangladesh\">Bangladesh<\/option><option value=\"Bulgaria\">Bulgaria<\/option><option value=\"Bahrain\">Bahrain<\/option><option value=\"Bahamas\">Bahamas<\/option><option value=\"Bosnia and Herzegovina\">Bosnia and Herzegovina<\/option><option value=\"Saint Barth\u00e9lemy\">Saint Barth\u00e9lemy<\/option><option value=\"Belarus\">Belarus<\/option><option value=\"Belize\">Belize<\/option><option value=\"Bermuda\">Bermuda<\/option><option value=\"Bolivia, Plurinational State of\">Bolivia, Plurinational State of<\/option><option value=\"Brazil\">Brazil<\/option><option value=\"Barbados\">Barbados<\/option><option value=\"Brunei Darussalam\">Brunei Darussalam<\/option><option value=\"Bhutan\">Bhutan<\/option><option value=\"Bouvet Island\">Bouvet Island<\/option><option value=\"Botswana\">Botswana<\/option><option value=\"Central African Republic\">Central African Republic<\/option><option value=\"Canada\">Canada<\/option><option value=\"Cocos (Keeling) Islands\">Cocos (Keeling) Islands<\/option><option value=\"Switzerland\">Switzerland<\/option><option value=\"Chile\">Chile<\/option><option value=\"China\">China<\/option><option value=\"C\u00f4te d&#039;Ivoire\">C\u00f4te d&#039;Ivoire<\/option><option value=\"Cameroon\">Cameroon<\/option><option value=\"Congo, Democratic Republic of the\">Congo, Democratic Republic of the<\/option><option value=\"Congo\">Congo<\/option><option value=\"Cook Islands\">Cook Islands<\/option><option value=\"Colombia\">Colombia<\/option><option value=\"Comoros\">Comoros<\/option><option value=\"Cabo Verde\">Cabo Verde<\/option><option value=\"Costa Rica\">Costa Rica<\/option><option value=\"Cuba\">Cuba<\/option><option value=\"Cura\u00e7ao\">Cura\u00e7ao<\/option><option value=\"Christmas Island\">Christmas Island<\/option><option value=\"Cayman Islands\">Cayman Islands<\/option><option value=\"Cyprus\">Cyprus<\/option><option value=\"Czechia\">Czechia<\/option><option value=\"Germany\">Germany<\/option><option value=\"Djibouti\">Djibouti<\/option><option value=\"Dominica\">Dominica<\/option><option value=\"Denmark\">Denmark<\/option><option value=\"Dominican Republic\">Dominican Republic<\/option><option value=\"Algeria\">Algeria<\/option><option value=\"Ecuador\">Ecuador<\/option><option value=\"Egypt\">Egypt<\/option><option value=\"Eritrea\">Eritrea<\/option><option value=\"Western Sahara\">Western Sahara<\/option><option value=\"Spain\">Spain<\/option><option value=\"Estonia\">Estonia<\/option><option value=\"Ethiopia\">Ethiopia<\/option><option value=\"Finland\">Finland<\/option><option value=\"Fiji\">Fiji<\/option><option value=\"Falkland Islands (Malvinas)\">Falkland Islands (Malvinas)<\/option><option value=\"France\">France<\/option><option value=\"Faroe Islands\">Faroe Islands<\/option><option value=\"Micronesia, Federated States of\">Micronesia, Federated States of<\/option><option value=\"Gabon\">Gabon<\/option><option value=\"United Kingdom of Great Britain and Northern Ireland\">United Kingdom of Great Britain and Northern Ireland<\/option><option value=\"Georgia\">Georgia<\/option><option value=\"Guernsey\">Guernsey<\/option><option value=\"Ghana\">Ghana<\/option><option value=\"Gibraltar\">Gibraltar<\/option><option value=\"Guinea\">Guinea<\/option><option value=\"Guadeloupe\">Guadeloupe<\/option><option value=\"Gambia\">Gambia<\/option><option value=\"Guinea-Bissau\">Guinea-Bissau<\/option><option value=\"Equatorial Guinea\">Equatorial Guinea<\/option><option value=\"Greece\">Greece<\/option><option value=\"Grenada\">Grenada<\/option><option value=\"Greenland\">Greenland<\/option><option value=\"Guatemala\">Guatemala<\/option><option value=\"French Guiana\">French Guiana<\/option><option value=\"Guam\">Guam<\/option><option value=\"Guyana\">Guyana<\/option><option value=\"Hong Kong\">Hong Kong<\/option><option value=\"Heard Island and McDonald Islands\">Heard Island and McDonald Islands<\/option><option value=\"Honduras\">Honduras<\/option><option value=\"Croatia\">Croatia<\/option><option value=\"Haiti\">Haiti<\/option><option value=\"Hungary\">Hungary<\/option><option value=\"Indonesia\">Indonesia<\/option><option value=\"Isle of Man\">Isle of Man<\/option><option value=\"India\">India<\/option><option value=\"British Indian Ocean Territory\">British Indian Ocean Territory<\/option><option value=\"Ireland\">Ireland<\/option><option value=\"Iran, Islamic Republic of\">Iran, Islamic Republic of<\/option><option value=\"Iraq\">Iraq<\/option><option value=\"Iceland\">Iceland<\/option><option value=\"Israel\">Israel<\/option><option value=\"Italy\">Italy<\/option><option value=\"Jamaica\">Jamaica<\/option><option value=\"Jersey\">Jersey<\/option><option value=\"Jordan\">Jordan<\/option><option value=\"Japan\">Japan<\/option><option value=\"Kazakhstan\">Kazakhstan<\/option><option value=\"Kenya\">Kenya<\/option><option value=\"Kyrgyzstan\">Kyrgyzstan<\/option><option value=\"Cambodia\">Cambodia<\/option><option value=\"Kiribati\">Kiribati<\/option><option value=\"Saint Kitts and Nevis\">Saint Kitts and Nevis<\/option><option value=\"Korea, Republic of\">Korea, Republic of<\/option><option value=\"Kuwait\">Kuwait<\/option><option value=\"Lao People&#039;s Democratic Republic\">Lao People&#039;s Democratic Republic<\/option><option value=\"Lebanon\">Lebanon<\/option><option value=\"Liberia\">Liberia<\/option><option value=\"Libya\">Libya<\/option><option value=\"Saint Lucia\">Saint Lucia<\/option><option value=\"Liechtenstein\">Liechtenstein<\/option><option value=\"Sri Lanka\">Sri Lanka<\/option><option value=\"Lesotho\">Lesotho<\/option><option value=\"Lithuania\">Lithuania<\/option><option value=\"Luxembourg\">Luxembourg<\/option><option value=\"Latvia\">Latvia<\/option><option value=\"Macao\">Macao<\/option><option value=\"Saint Martin (French part)\">Saint Martin (French part)<\/option><option value=\"Morocco\">Morocco<\/option><option value=\"Monaco\">Monaco<\/option><option value=\"Moldova, Republic of\">Moldova, Republic of<\/option><option value=\"Madagascar\">Madagascar<\/option><option value=\"Maldives\">Maldives<\/option><option value=\"Mexico\">Mexico<\/option><option value=\"Marshall Islands\">Marshall Islands<\/option><option value=\"North Macedonia\">North Macedonia<\/option><option value=\"Mali\">Mali<\/option><option value=\"Malta\">Malta<\/option><option value=\"Myanmar\">Myanmar<\/option><option value=\"Montenegro\">Montenegro<\/option><option value=\"Mongolia\">Mongolia<\/option><option value=\"Northern Mariana Islands\">Northern Mariana Islands<\/option><option value=\"Mozambique\">Mozambique<\/option><option value=\"Mauritania\">Mauritania<\/option><option value=\"Montserrat\">Montserrat<\/option><option value=\"Martinique\">Martinique<\/option><option value=\"Mauritius\">Mauritius<\/option><option value=\"Malawi\">Malawi<\/option><option value=\"Malaysia\">Malaysia<\/option><option value=\"Mayotte\">Mayotte<\/option><option value=\"Namibia\">Namibia<\/option><option value=\"New Caledonia\">New Caledonia<\/option><option value=\"Niger\">Niger<\/option><option value=\"Norfolk Island\">Norfolk Island<\/option><option value=\"Nigeria\">Nigeria<\/option><option value=\"Nicaragua\">Nicaragua<\/option><option value=\"Niue\">Niue<\/option><option value=\"Netherlands, Kingdom of the\">Netherlands, Kingdom of the<\/option><option value=\"Norway\">Norway<\/option><option value=\"Nepal\">Nepal<\/option><option value=\"Nauru\">Nauru<\/option><option value=\"New Zealand\">New Zealand<\/option><option value=\"Oman\">Oman<\/option><option value=\"Pakistan\">Pakistan<\/option><option value=\"Panama\">Panama<\/option><option value=\"Pitcairn\">Pitcairn<\/option><option value=\"Peru\">Peru<\/option><option value=\"Philippines\">Philippines<\/option><option value=\"Palau\">Palau<\/option><option value=\"Papua New Guinea\">Papua New Guinea<\/option><option value=\"Poland\">Poland<\/option><option value=\"Puerto Rico\">Puerto Rico<\/option><option value=\"Korea, Democratic People&#039;s Republic of\">Korea, Democratic People&#039;s Republic of<\/option><option value=\"Portugal\">Portugal<\/option><option value=\"Paraguay\">Paraguay<\/option><option value=\"Palestine, State of\">Palestine, State of<\/option><option value=\"French Polynesia\">French Polynesia<\/option><option value=\"Qatar\">Qatar<\/option><option value=\"R\u00e9union\">R\u00e9union<\/option><option value=\"Romania\">Romania<\/option><option value=\"Russian Federation\">Russian Federation<\/option><option value=\"Rwanda\">Rwanda<\/option><option value=\"Saudi Arabia\">Saudi Arabia<\/option><option value=\"Sudan\">Sudan<\/option><option value=\"Senegal\">Senegal<\/option><option value=\"Singapore\">Singapore<\/option><option value=\"South Georgia and the South Sandwich Islands\">South Georgia and the South Sandwich Islands<\/option><option value=\"Saint Helena, Ascension and Tristan da Cunha\">Saint Helena, Ascension and Tristan da Cunha<\/option><option value=\"Svalbard and Jan Mayen\">Svalbard and Jan Mayen<\/option><option value=\"Solomon Islands\">Solomon Islands<\/option><option value=\"Sierra Leone\">Sierra Leone<\/option><option value=\"El Salvador\">El Salvador<\/option><option value=\"San Marino\">San Marino<\/option><option value=\"Somalia\">Somalia<\/option><option value=\"Saint Pierre and Miquelon\">Saint Pierre and Miquelon<\/option><option value=\"Serbia\">Serbia<\/option><option value=\"South Sudan\">South Sudan<\/option><option value=\"Sao Tome and Principe\">Sao Tome and Principe<\/option><option value=\"Suriname\">Suriname<\/option><option value=\"Slovakia\">Slovakia<\/option><option value=\"Slovenia\">Slovenia<\/option><option value=\"Sweden\">Sweden<\/option><option value=\"Eswatini\">Eswatini<\/option><option value=\"Sint Maarten (Dutch part)\">Sint Maarten (Dutch part)<\/option><option value=\"Seychelles\">Seychelles<\/option><option value=\"Syrian Arab Republic\">Syrian Arab Republic<\/option><option value=\"Turks and Caicos Islands\">Turks and Caicos Islands<\/option><option value=\"Chad\">Chad<\/option><option value=\"Togo\">Togo<\/option><option value=\"Thailand\">Thailand<\/option><option value=\"Tajikistan\">Tajikistan<\/option><option value=\"Tokelau\">Tokelau<\/option><option value=\"Turkmenistan\">Turkmenistan<\/option><option value=\"Timor-Leste\">Timor-Leste<\/option><option value=\"Tonga\">Tonga<\/option><option value=\"Trinidad and Tobago\">Trinidad and Tobago<\/option><option value=\"Tunisia\">Tunisia<\/option><option value=\"T\u00fcrkiye\">T\u00fcrkiye<\/option><option value=\"Tuvalu\">Tuvalu<\/option><option value=\"Taiwan, Province of China\">Taiwan, Province of China<\/option><option value=\"Tanzania, United Republic of\">Tanzania, United Republic of<\/option><option value=\"Uganda\">Uganda<\/option><option value=\"Ukraine\">Ukraine<\/option><option value=\"United States Minor Outlying Islands\">United States Minor Outlying Islands<\/option><option value=\"Uruguay\">Uruguay<\/option><option value=\"United States of America\">United States of America<\/option><option value=\"Uzbekistan\">Uzbekistan<\/option><option value=\"Holy See\">Holy See<\/option><option value=\"Saint Vincent and the Grenadines\">Saint Vincent and the Grenadines<\/option><option value=\"Venezuela, Bolivarian Republic of\">Venezuela, Bolivarian Republic of<\/option><option value=\"Virgin Islands, British\">Virgin Islands, British<\/option><option value=\"Virgin Islands, U.S.\">Virgin Islands, U.S.<\/option><option value=\"Viet Nam\">Viet Nam<\/option><option value=\"Vanuatu\">Vanuatu<\/option><option value=\"Wallis and Futuna\">Wallis and Futuna<\/option><option value=\"Samoa\">Samoa<\/option><option value=\"Yemen\">Yemen<\/option><option value=\"South Africa\">South Africa<\/option><option value=\"Zambia\">Zambia<\/option><option value=\"Zimbabwe\">Zimbabwe<\/option><\/select><\/span><br \/>\n<span class=\"wpcf7-form-control-wrap\" data-name=\"field-ciudad\"><input size=\"40\" maxlength=\"400\" class=\"wpcf7-form-control wpcf7-text wpcf7-validates-as-required\" aria-required=\"true\" aria-invalid=\"false\" placeholder=\"Ciutat de resid\u00e8ncia\" value=\"\" type=\"text\" name=\"field-ciudad\" \/><\/span>\n<\/p>\n<details>\n\t<summary style=\"color:white;\">Tractament de les vostres dades\n\t<\/summary>\n\t<div class=\"legal-white\">\n\t\t<p>L&#8217;informem que el responsable del tractament d&#8217;aquest formulari de recollida de dades \u00e9s CEI International Affairs.<br \/>\nLa finalitat principal d&#8217;aquest formulari \u00e9s registrar la sol\u00b7licitud de l&#8217;usuari d&#8217;informaci\u00f3 i poder gestionar la seva petici\u00f3 de sol\u00b7licitud d&#8217;informaci\u00f3, relacionada amb els serveis i\/o productes dels quals CEI International Affairs disposa.<br \/>\nAix\u00ed mateix, informem l&#8217;usuari que la base leg\u00edtima per als tractaments que es van a dur a terme \u00e9s el consentiment.<br \/>\nD&#8217;acord amb els drets que li confereix la normativa vigent en protecci\u00f3 de dades, l&#8217;usuari podr\u00e0 dirigir-se a l&#8217;autoritat de control competent per a presentar la reclamaci\u00f3 que consideri oportuna, aix\u00ed com tamb\u00e9 podr\u00e0 exercir els drets d&#8217;acc\u00e9s, rectificaci\u00f3, limitaci\u00f3 de tractament, supressi\u00f3, portabilitat i oposici\u00f3 al tractament de les seves dades de car\u00e0cter personal, aix\u00ed com a la retirada del consentiment prestat per al tractament dels mateixos. Per a m\u00e9s informaci\u00f3, l&#8217;usuari pot dirigir-se a la nostra pol\u00edtica de privacitat.\n\t\t<\/p>\n\t<\/div>\n<\/details>\n<div>\n\t<p><span class=\"wpcf7-form-control-wrap\" data-name=\"field-privacidad\"><span class=\"wpcf7-form-control wpcf7-acceptance\"><span class=\"wpcf7-list-item\"><label><input type=\"checkbox\" name=\"field-privacidad\" value=\"1\" aria-invalid=\"false\" \/><span class=\"wpcf7-list-item-label\">Consento l&#8217;\u00fas de les meves dades per als fins indicats a la <a href=\"\/proteccion-de-datos-personales\/\">Protecci\u00f3 de dades personals<\/a><\/span><\/label><\/span><\/span><\/span>\n\t<\/p>\n<\/div>\n<div>\n\t<p><span class=\"wpcf7-form-control-wrap\" data-name=\"field-publicidad\"><span class=\"wpcf7-form-control wpcf7-acceptance optional\"><span class=\"wpcf7-list-item\"><label><input type=\"checkbox\" name=\"field-publicidad\" value=\"1\" aria-invalid=\"false\" \/><span class=\"wpcf7-list-item-label\">Subscriure&#8217;m al butllet\u00ed de not\u00edcies i esdeveniments relacionats amb el CEI<\/span><\/label><\/span><\/span><\/span>\n\t<\/p>\n<\/div>\n<p><input class=\"wpcf7-form-control wpcf7-submit has-spinner\" type=\"submit\" value=\"Descargar D\u00edptic\" \/>\n<\/p><div class=\"wpcf7-response-output\" aria-hidden=\"true\"><\/div>\n<\/form>\n<\/div>\n<\/p>\r\n\t\t\t\t\t\t\t\t\t\t\t<\/div>\r\n\t\t\t\t\t\t\t\t\t<\/div>\r\n\t\t\t<\/div>\r\n\t\t<\/div>\r\n\t\t\t\t\t\t<\/div>\n\t\t\t\t<\/div>\n\t\t\t\t<div class=\"elementor-element elementor-element-57084cf elementor-widget elementor-widget-spacer\" data-id=\"57084cf\" data-element_type=\"widget\" data-e-type=\"widget\" data-widget_type=\"spacer.default\">\n\t\t\t\t<div class=\"elementor-widget-container\">\n\t\t\t\t\t\t\t<div class=\"elementor-spacer\">\n\t\t\t<div class=\"elementor-spacer-inner\"><\/div>\n\t\t<\/div>\n\t\t\t\t\t\t<\/div>\n\t\t\t\t<\/div>\n\t\t\t\t\t<\/div>\n\t\t<\/div>\n\t\t\t\t\t<\/div>\n\t\t<\/section>\n\t\t\t\t<section class=\"elementor-section elementor-top-section elementor-element elementor-element-f3c135a elementor-section-full_width elementor-section-stretched elementor-section-height-default elementor-section-height-default\" data-id=\"f3c135a\" data-element_type=\"section\" data-e-type=\"section\" data-settings=\"{&quot;stretch_section&quot;:&quot;section-stretched&quot;,&quot;background_background&quot;:&quot;classic&quot;,&quot;_ha_eqh_enable&quot;:false}\">\n\t\t\t\t\t\t<div class=\"elementor-container elementor-column-gap-default\">\n\t\t\t\t\t<div class=\"elementor-column elementor-col-100 elementor-top-column elementor-element elementor-element-11dbf74\" data-id=\"11dbf74\" data-element_type=\"column\" data-e-type=\"column\">\n\t\t\t<div class=\"elementor-widget-wrap\">\n\t\t\t\t\t\t\t<\/div>\n\t\t<\/div>\n\t\t\t\t\t<\/div>\n\t\t<\/section>\n\t\t\t\t<section class=\"elementor-section elementor-top-section elementor-element elementor-element-8db68ca elementor-section-full_width elementor-section-stretched html elementor-section-height-default elementor-section-height-default\" data-id=\"8db68ca\" data-element_type=\"section\" data-e-type=\"section\" id=\"html\" data-settings=\"{&quot;stretch_section&quot;:&quot;section-stretched&quot;,&quot;_ha_eqh_enable&quot;:false}\">\n\t\t\t\t\t\t<div class=\"elementor-container elementor-column-gap-no\">\n\t\t\t\t\t<div class=\"elementor-column elementor-col-100 elementor-top-column elementor-element elementor-element-b30367c\" data-id=\"b30367c\" data-element_type=\"column\" data-e-type=\"column\">\n\t\t\t<div class=\"elementor-widget-wrap elementor-element-populated\">\n\t\t\t\t\t\t<div class=\"elementor-element elementor-element-d123eb7 eael-hamburger--tablet elementor-widget elementor-widget-eael-simple-menu\" data-id=\"d123eb7\" data-element_type=\"widget\" data-e-type=\"widget\" data-widget_type=\"eael-simple-menu.default\">\n\t\t\t\t<div class=\"elementor-widget-container\">\n\t\t\t\t\t<style>\n                        @media screen and (max-width: 1024px) {\n                            .eael-hamburger--tablet {\n                                .eael-simple-menu-horizontal,\n                                .eael-simple-menu-vertical {\n                                    display: none;\n                                }\n                            }\n                            .eael-hamburger--tablet {\n                                .eael-simple-menu-container .eael-simple-menu-toggle {\n                                    display: block;\n                                }\n                            }\n                        }\n                    <\/style>            <div data-hamburger-icon=\"&lt;i aria-hidden=&quot;true&quot; class=&quot;hm hm-angle-down&quot;&gt;&lt;\/i&gt;\" data-indicator-icon=\"&lt;i aria-hidden=&quot;true&quot; class=&quot;icon icon-chevron-down&quot;&gt;&lt;\/i&gt;\" data-dropdown-indicator-icon=\"&lt;svg class=&quot;e-font-icon-svg e-fas-angle-down&quot; viewBox=&quot;0 0 320 512&quot; xmlns=&quot;http:\/\/www.w3.org\/2000\/svg&quot;&gt;&lt;path d=&quot;M143 352.3L7 216.3c-9.4-9.4-9.4-24.6 0-33.9l22.6-22.6c9.4-9.4 24.6-9.4 33.9 0l96.4 96.4 96.4-96.4c9.4-9.4 24.6-9.4 33.9 0l22.6 22.6c9.4 9.4 9.4 24.6 0 33.9l-136 136c-9.2 9.4-24.4 9.4-33.8 0z&quot;&gt;&lt;\/path&gt;&lt;\/svg&gt;\" class=\"eael-simple-menu-container eael-simple-menu-align-center eael-simple-menu-dropdown-align-left preset-1\" data-hamburger-breakpoints=\"{&quot;mobile&quot;:&quot;M\\u00f2bil vertical (&gt; 767px)&quot;,&quot;tablet&quot;:&quot;Tauleta vertical (&gt; 1024px)&quot;,&quot;desktop&quot;:&quot;Desktop (&gt; 2400px)&quot;,&quot;none&quot;:&quot;None&quot;}\" data-hamburger-device=\"tablet\">\n                <ul id=\"menu-mudoi_ca\" class=\"eael-simple-menu eael-simple-menu-dropdown-animate-to-top eael-simple-menu-indicator eael-hamburger-left eael-simple-menu-horizontal\"><li id=\"menu-item-14467\" class=\"menu-item menu-item-type-custom menu-item-object-custom menu-item-has-children menu-item-14467\"><a href=\"#\">Presentaci\u00f3<\/a>\n<ul class=\"sub-menu\">\n\t<li id=\"menu-item-14468\" class=\"menu-item menu-item-type-custom menu-item-object-custom menu-item-14468\"><a href=\"https:\/\/www.ceibcn.com\/ca\/masters\/mudoi\/\">Informaci\u00f3 general<\/a><\/li>\n\t<li id=\"menu-item-14469\" class=\"menu-item menu-item-type-custom menu-item-object-custom menu-item-14469\"><a href=\"https:\/\/www.ceibcn.com\/ca\/masters\/mudoi\/objectius\/\">Objectius<\/a><\/li>\n\t<li id=\"menu-item-14470\" class=\"menu-item menu-item-type-custom menu-item-object-custom menu-item-14470\"><a href=\"https:\/\/www.ceibcn.com\/ca\/masters\/mudoi\/sortides-professionals\/\">Sortides professionals<\/a><\/li>\n\t<li id=\"menu-item-34526\" class=\"menu-item menu-item-type-custom menu-item-object-custom menu-item-34526\"><a target=\"_blank\" href=\"https:\/\/web.ub.edu\/viu-la-ub\">Viu la UB<\/a><\/li>\n<\/ul>\n<\/li>\n<li id=\"menu-item-14471\" class=\"menu-item menu-item-type-custom menu-item-object-custom menu-item-has-children menu-item-14471\"><a href=\"#\">Informaci\u00f3 acad\u00e8mica<\/a>\n<ul class=\"sub-menu\">\n\t<li id=\"menu-item-34725\" class=\"menu-item menu-item-type-post_type menu-item-object-page menu-item-34725\"><a href=\"https:\/\/www.ceibcn.com\/ca\/masters\/mudoi\/pla-daccio-tutorial\/\">Pla d\u2019Acci\u00f3 Tutorial<\/a><\/li>\n\t<li id=\"menu-item-34726\" class=\"menu-item menu-item-type-post_type menu-item-object-page menu-item-34726\"><a href=\"https:\/\/www.ceibcn.com\/ca\/masters\/mudoi\/premis-extraordinaris\/\">Premis extraordinaris<\/a><\/li>\n\t<li id=\"menu-item-18277\" class=\"menu-item menu-item-type-post_type menu-item-object-page menu-item-18277\"><a href=\"https:\/\/www.ceibcn.com\/ca\/sollicitud-de-certificat\/\">Sol\u00b7licitud de certificat<\/a><\/li>\n\t<li id=\"menu-item-18276\" class=\"menu-item menu-item-type-post_type menu-item-object-page menu-item-18276\"><a href=\"https:\/\/www.ceibcn.com\/ca\/masters\/mudoi\/sollicitud-de-titol\/\">Sol\u00b7licitud de t\u00edtol<\/a><\/li>\n\t<li id=\"menu-item-14472\" class=\"menu-item menu-item-type-custom menu-item-object-custom menu-item-14472\"><a href=\"https:\/\/www.ceibcn.com\/ca\/masters\/mudoi\/programa\/\">Programa<\/a><\/li>\n\t<li id=\"menu-item-14473\" class=\"menu-item menu-item-type-custom menu-item-object-custom menu-item-14473\"><a href=\"https:\/\/www.ceibcn.com\/ca\/masters\/mudoi\/direccio-i-professorat\/\">Direcci\u00f3 i professorat<\/a><\/li>\n\t<li id=\"menu-item-34773\" class=\"menu-item menu-item-type-post_type menu-item-object-page menu-item-34773\"><a href=\"https:\/\/www.ceibcn.com\/ca\/portal-de-qualitat\/normatives\/\">Normatives<\/a><\/li>\n<\/ul>\n<\/li>\n<li id=\"menu-item-14474\" class=\"menu-item menu-item-type-custom menu-item-object-custom menu-item-14474\"><a href=\"https:\/\/www.ceibcn.com\/ca\/masters\/mudoi\/practiques\/\">Pr\u00e0ctiques externes<\/a><\/li>\n<li id=\"menu-item-28353\" class=\"menu-item menu-item-type-post_type menu-item-object-page menu-item-28353\"><a href=\"https:\/\/www.ceibcn.com\/ca\/masters\/mudoi\/beques-mudoi\/\">Beques<\/a><\/li>\n<li id=\"menu-item-14475\" class=\"menu-item menu-item-type-custom menu-item-object-custom menu-item-14475\"><a href=\"https:\/\/www.ceibcn.com\/ca\/masters\/mudoi\/admissions\/\">Admissions<\/a><\/li>\n<li id=\"menu-item-14476\" class=\"menu-item menu-item-type-custom menu-item-object-custom menu-item-has-children menu-item-14476\"><a href=\"#\">Alumni<\/a>\n<ul class=\"sub-menu\">\n\t<li id=\"menu-item-31937\" class=\"menu-item menu-item-type-post_type menu-item-object-page menu-item-31937\"><a href=\"https:\/\/www.ceibcn.com\/ca\/masters\/mudoi\/tfm-mudoi\/\">TFM<\/a><\/li>\n\t<li id=\"menu-item-14478\" class=\"menu-item menu-item-type-custom menu-item-object-custom menu-item-14478\"><a href=\"https:\/\/www.ceibcn.com\/ca\/masters\/mudoi\/testimonis\/\">Testimonis<\/a><\/li>\n\t<li id=\"menu-item-14477\" class=\"menu-item menu-item-type-custom menu-item-object-custom menu-item-14477\"><a href=\"https:\/\/www.ceibcn.com\/ca\/cei-students-world-map\/\">Mapamundi<\/a><\/li>\n<\/ul>\n<\/li>\n<li id=\"menu-item-29906\" class=\"menu-item menu-item-type-post_type menu-item-object-page menu-item-29906\"><a href=\"https:\/\/www.ceibcn.com\/ca\/mobilitat-internacional\/\">Mobilitat Internacional<\/a><\/li>\n<\/ul>                <button class=\"eael-simple-menu-toggle\">\n                    <span class=\"sr-only \">Hamburger Toggle Menu<\/span>\n                    <i aria-hidden=\"true\" class=\"hm hm-angle-down\"><\/i>                <\/button>\n            <\/div>\n            \t\t\t\t<\/div>\n\t\t\t\t<\/div>\n\t\t\t\t\t<\/div>\n\t\t<\/div>\n\t\t\t\t\t<\/div>\n\t\t<\/section>\n\t\t\t\t<\/div>\n\t\t\t\t<\/div>\n\t\t\t\t\t\t<\/div>\n\t\t\t\t<\/div>\n\t\t\t\t\t<\/div>\n\t\t<\/div>\n\t\t\t\t\t<\/div>\n\t\t<\/section>\n\t\t<div class=\"elementor-element elementor-element-2ed29ad e-flex e-con-boxed e-con e-parent\" data-id=\"2ed29ad\" data-element_type=\"container\" data-e-type=\"container\" data-settings=\"{&quot;_ha_eqh_enable&quot;:false}\">\n\t\t\t\t\t<div class=\"e-con-inner\">\n\t\t\t\t<div class=\"elementor-element elementor-element-9efbc4e elementor-widget elementor-widget-spacer\" data-id=\"9efbc4e\" data-element_type=\"widget\" data-e-type=\"widget\" data-widget_type=\"spacer.default\">\n\t\t\t\t<div class=\"elementor-widget-container\">\n\t\t\t\t\t\t\t<div class=\"elementor-spacer\">\n\t\t\t<div class=\"elementor-spacer-inner\"><\/div>\n\t\t<\/div>\n\t\t\t\t\t\t<\/div>\n\t\t\t\t<\/div>\n\t\t\t\t<div class=\"elementor-element elementor-element-6a70264 html elementor-widget elementor-widget-text-editor\" data-id=\"6a70264\" data-element_type=\"widget\" data-e-type=\"widget\" data-widget_type=\"text-editor.default\">\n\t\t\t\t<div class=\"elementor-widget-container\">\n\t\t\t\t\t\t\t\t\t<p data-start=\"42\" data-end=\"436\">El CEI ofereix diverses oportunitats de mobilitat internacional per al seu alumnat, com ara el programa <strong data-start=\"146\" data-end=\"178\">Erasmus+ Pr\u00e0ctiques Outgoing<\/strong>, dirigit a l\u2019alumnat que vulgui complementar la seva formaci\u00f3 professional amb una estada de pr\u00e0ctiques a l\u2019estranger, i el programa <strong data-start=\"312\" data-end=\"337\">Study Abroad Incoming<\/strong>, destinat a l\u2019alumnat d\u2019altres universitats que desitgi realitzar una formaci\u00f3 acad\u00e8mica al CEI.<\/p><p style=\"text-align: justify;\"><span style=\"color: #0e3e6b;\"><strong>Normativa UB<\/strong><\/span><\/p><p style=\"text-align: justify;\">La gesti\u00f3 de la mobilitat internacional es duu a terme d\u2019acord amb la <a href=\"https:\/\/seu.ub.edu\/documentPublic\/download\/358017\">Normativa de la <em>Universitat de Barcelona<\/em><\/a>, aprovada pel Consell de Govern el 17 de juny de 2017, que regula els procediments aplicables a l\u2019alumnat en mobilitat.<br data-start=\"280\" data-end=\"283\" \/>Els programes que s\u2019ofereixen es desenvolupen sota la normativa de la Universitat de Barcelona, que compta amb l\u2019acreditaci\u00f3 de la Carta ECHE (2021-2027), la qual estableix un marc general de qualitat per a la mobilitat europea i d\u2019aplicaci\u00f3 a tota la mobilitat internacional.<\/p><p style=\"text-align: justify;\"><span style=\"color: #0e3e6b;\"><strong>Contacte<\/strong><\/span><\/p><p style=\"text-align: justify;\">Per a qualsevol consulta addicional, es pot contactar a trav\u00e9s del correu electr\u00f2nic: <a href=\"mailto:eugenia.guarro@ceibcn.com\">eugenia.guarro@ceibcn.com<\/a><\/p>\t\t\t\t\t\t\t\t<\/div>\n\t\t\t\t<\/div>\n\t\t\t\t\t<\/div>\n\t\t\t\t<\/div>\n\t\t<div class=\"elementor-element elementor-element-6eeee2e e-flex e-con-boxed e-con e-parent\" data-id=\"6eeee2e\" data-element_type=\"container\" data-e-type=\"container\" data-settings=\"{&quot;_ha_eqh_enable&quot;:false}\">\n\t\t\t\t\t<div class=\"e-con-inner\">\n\t\t\t\t<div class=\"elementor-element elementor-element-92d90ea elementor-widget elementor-widget-heading\" data-id=\"92d90ea\" data-element_type=\"widget\" data-e-type=\"widget\" data-widget_type=\"heading.default\">\n\t\t\t\t<div class=\"elementor-widget-container\">\n\t\t\t\t\t<h3 class=\"elementor-heading-title elementor-size-default\">Erasmus+ Pr\u00e0ctiques Outgoing<\/h3>\t\t\t\t<\/div>\n\t\t\t\t<\/div>\n\t\t\t\t<div class=\"elementor-element elementor-element-a6947bf elementor-widget elementor-widget-text-editor\" data-id=\"a6947bf\" data-element_type=\"widget\" data-e-type=\"widget\" data-widget_type=\"text-editor.default\">\n\t\t\t\t<div class=\"elementor-widget-container\">\n\t\t\t\t\t\t\t\t\t<p style=\"text-align: justify;\">Aquest programa est\u00e0 dirigit a l\u2019alumnat que desitgi realitzar pr\u00e0ctiques professionals internacionals com a part de la seva formaci\u00f3 acad\u00e8mica.<\/p><p style=\"text-align: justify;\"><br data-start=\"190\" data-end=\"193\" \/>El programa afavoreix la mobilitat internacional tant dins dels pa\u00efsos de la Uni\u00f3 Europea com en els pa\u00efsos associats al programa Erasmus+ seg\u00fcents: Alemanya, \u00c0ustria, B\u00e8lgica, Bulg\u00e0ria, Cro\u00e0cia, Dinamarca, Eslov\u00e0quia, Eslov\u00e8nia, Est\u00f2nia, Finl\u00e0ndia, Fran\u00e7a, Gr\u00e8cia, Hongria, Irlanda, Isl\u00e0ndia, It\u00e0lia, Let\u00f2nia, Liechtenstein, Litu\u00e0nia, Luxemburg, Maced\u00f2nia del Nord, Malta, Noruega, Pa\u00efsos Baixos, Pol\u00f2nia, Portugal, Regne Unit, Romania, S\u00e8rbia, Su\u00e8cia, Su\u00efssa, Turquia, Tx\u00e8quia, Xipre.<\/p><p>\u00a0<\/p><p style=\"text-align: justify;\">Per poder accedir al programa Erasmus+ Pr\u00e0ctiques, cal complir una s\u00e8rie de requisits.<\/p>\t\t\t\t\t\t\t\t<\/div>\n\t\t\t\t<\/div>\n\t\t\t\t<div class=\"elementor-element elementor-element-bc392d4 html elementor-widget elementor-widget-elementskit-accordion\" data-id=\"bc392d4\" data-element_type=\"widget\" data-e-type=\"widget\" data-widget_type=\"elementskit-accordion.default\">\n\t\t\t\t<div class=\"elementor-widget-container\">\n\t\t\t\t\t<div class=\"ekit-wid-con\" >\n        <div class=\"elementskit-accordion accoedion-primary\" id=\"accordion-69f520391de4c\">\n\n            \n                <div class=\"elementskit-card \">\n                    <div class=\"elementskit-card-header\" id=\"primaryHeading-0-bc392d4\">\n                        <a href=\"#collapse-eccf81969f520391de4c\" class=\"ekit-accordion--toggler elementskit-btn-link collapsed\" data-ekit-toggle=\"collapse\" data-target=\"#Collapse-eccf81969f520391de4c\" aria-expanded=\"false\" aria-controls=\"Collapse-eccf81969f520391de4c\">\n                            \n                            <span class=\"ekit-accordion-title\">1.\tRequisits previs<\/span>\n\n                            \n                                <div class=\"ekit_accordion_icon_group\">\n                                    <div class=\"ekit_accordion_normal_icon\">\n                                        <!-- Normal Icon -->\n\t\t\t\t\t\t\t\t\t\t<i class=\"icon icon-down-arrow1\"><\/i>                                    <\/div>\n\n                                    <div class=\"ekit_accordion_active_icon\">\n                                        <!-- Active Icon -->\n\t\t\t\t\t\t\t\t\t\t<i class=\"icon icon-up-arrow\"><\/i>                                    <\/div>\n                                <\/div>\n\n                            \n                                                    <\/a>\n                    <\/div>\n\n                    <div id=\"Collapse-eccf81969f520391de4c\" class=\" collapse\" aria-labelledby=\"primaryHeading-0-bc392d4\" data-parent=\"#accordion-69f520391de4c\">\n\n                        <div class=\"elementskit-card-body ekit-accordion--content\">\n                            <ol><li><p>Ser nacional d\u2019un pa\u00eds de la UE o d\u2019un tercer pa\u00eds. En qualsevol cas, cal disposar de DNI o NIE.<\/p><\/li><li><p>Estar matriculat\/da en el programa de m\u00e0ster en el moment de presentar la sol\u00b7licitud.<\/p><\/li><li><p>Com a alumnat de m\u00e0ster, tenir matriculats com a m\u00ednim 30 cr\u00e8dits o el 1r quadrimestre complet del programa de m\u00e0ster en el moment de la sol\u00b7licitud, i haver superat aquests cr\u00e8dits en el moment de l\u2019estada de pr\u00e0ctiques.<\/p><\/li><li><p>Tenir matriculats els cr\u00e8dits de l\u2019assignatura de pr\u00e0ctiques en el moment de beneficiar-se de la beca.<\/p><\/li><li><p>Tenir un nivell ling\u00fc\u00edstic acreditat suficient per poder realitzar les pr\u00e0ctiques al pa\u00eds de destinaci\u00f3.<\/p><\/li><li><p>No tenir una mobilitat concedida en un altre programa de mobilitat per al mateix per\u00edode.<\/p><\/li><li><p>Si l\u2019alumnat t\u00e9 una o m\u00e9s mobilitats concedides consecutives (de pr\u00e0ctiques o d\u2019estudis), no podr\u00e0 iniciar una nova mobilitat fins que l\u2019anterior estigui completament tancada.<\/p><\/li><\/ol>                        <\/div>\n\n                    <\/div>\n\n                <\/div><!-- .elementskit-card END -->\n\n                \n                <div class=\"elementskit-card \">\n                    <div class=\"elementskit-card-header\" id=\"primaryHeading-1-bc392d4\">\n                        <a href=\"#collapse-4ee42e369f520391de4c\" class=\"ekit-accordion--toggler elementskit-btn-link collapsed\" data-ekit-toggle=\"collapse\" data-target=\"#Collapse-4ee42e369f520391de4c\" aria-expanded=\"false\" aria-controls=\"Collapse-4ee42e369f520391de4c\">\n                            \n                            <span class=\"ekit-accordion-title\">2. Proc\u00e9s de sol\u00b7licitud<\/span>\n\n                            \n                                <div class=\"ekit_accordion_icon_group\">\n                                    <div class=\"ekit_accordion_normal_icon\">\n                                        <!-- Normal Icon -->\n\t\t\t\t\t\t\t\t\t\t<i class=\"icon icon-down-arrow1\"><\/i>                                    <\/div>\n\n                                    <div class=\"ekit_accordion_active_icon\">\n                                        <!-- Active Icon -->\n\t\t\t\t\t\t\t\t\t\t<i class=\"icon icon-up-arrow\"><\/i>                                    <\/div>\n                                <\/div>\n\n                            \n                                                    <\/a>\n                    <\/div>\n\n                    <div id=\"Collapse-4ee42e369f520391de4c\" class=\" collapse\" aria-labelledby=\"primaryHeading-1-bc392d4\" data-parent=\"#accordion-69f520391de4c\">\n\n                        <div class=\"elementskit-card-body ekit-accordion--content\">\n                            <p>El proc\u00e9s de sol\u00b7licitud s\u2019inicia a trav\u00e9s de l'<a href=\"https:\/\/sso.ub.edu\/SAML2\/SSOService.php?SAMLRequest=jVLbTgIxEP2VZt731qxcGhaCGiMJBsIuPvhiShmkyW67drqgf%2B9yixoT4mPbc5k5p4PRR1WyHTrS1mSQhDEwNMqutXnLYFk8BD0YDQckq5LXYtz4rVnge4PkWUs0JE4vGTTOCCtJkzCyQhJeiXz8NBU8jEXtrLfKlsDGROh8a3VnDTUVuhzdTitcLqYZbL2vSUTRfr8P6XSfVnalS%2B0%2FQ2WrCBtna4wOltFB%2FI8asPt2Mm2kP25zESSyYbMKcd0caTzK89nZOKy3NbAH6xQel8tgI0tCYJP7DF57aYIq2fCgo7qrII25CmS%2F3w9ws5aYpOs0VryF0lwS6R1%2Bk4kanBjy0vgMeMxvgrgTJEkR98RNIhIe9rqdF2DzczC32pwCv5bi6gQi8VgU82A%2Bywtgz5fiWgCcaxJHd%2Fezn%2BvC8hIjDP9ZwSD66TQ8H3%2F%2Fj%2BEX&amp;RelayState=_2a7cb233-64d1-43e3-8941-8c67360c9f19&amp;SigAlg=http%3A%2F%2Fwww.w3.org%2F2000%2F09%2Fxmldsig%23rsa-sha1&amp;Signature=ScxU2YcjQInKZnPvkwk60fBQ4JwKgrOHbCtMduBJmgw%2Fs9Fbg4ulFE9Yk0YMmWT2yoQVvT7vfGh19nk0Fu32exwmK4YTb1ql%2BqRQyofROI%2FWS3aP3x%2BV1ulDLE%2B6aBawctYyul0DZe3jahctufjGu5rZeRbAzOwev9BT9KefR2xaWcRAyQNLd2F8Rc0MVwllpke3jdw4MEN84rk%2Fg9eRwg3HKbY91HpKz7G2LeC6N%2FakQyce1EqXk4Ith7rqTCErk1OS8A5f9TiaERqyvb4GW1Zc03BfNX%2BcYjSBIT3QRHzaQQsCV%2FB1FAljGT%2Fl17I60bQHD4VBRAMWSLJygJz0EQ%3D%3D\">Eramus+ Service4 Mobility (SOP)<\/a>.<\/p><p>Cal omplir un formulari i adjuntar els documents seg\u00fcents:<\/p><ul><li><strong><em>Internship confirmation <\/em><\/strong>completat i signat per l\u2019organitzaci\u00f3 receptora.<\/li><li><p><strong>Curr\u00edculum Vitae<\/strong>.<\/p><\/li><li><p><strong>Acreditaci\u00f3 del nivell d\u2019idioma<\/strong> del pa\u00eds de destinaci\u00f3 o de la llengua de treball de la instituci\u00f3 de destinaci\u00f3.<\/p><\/li><\/ul><p><strong>Per confirmar la sol\u00b7licitud al SOP un cop presentada la documentaci\u00f3, cal fer clic a l\u2019enlla\u00e7 FIRMAR LA SOL\u00b7LICITUD.<\/strong><\/p><p>Si es presenten diverses sol\u00b7licituds, nom\u00e9s ser\u00e0 v\u00e0lida l\u2019\u00faltima presentada.<\/p><p><strong>2.1. Per\u00edode de subsanaci\u00f3<\/strong><\/p><p>Les sol\u00b7licituds incompletes tenen <strong>10 dies h\u00e0bils<\/strong> per aportar la documentaci\u00f3 que falta a partir de la data de publicaci\u00f3 de la resoluci\u00f3 de reclamaci\u00f3.<\/p><p><strong>2.2. Per\u00edode d'acceptaci\u00f3 de la pla\u00e7a<\/strong><\/p><ul><li>Un cop resolta la convocat\u00f2ria, l'estudiant ha d'acceptar la pla\u00e7a de mobilitat adjudicada a trav\u00e9s de l'aplicaci\u00f3 Mobility Online.<\/li><li>El per\u00edode per acceptar la pla\u00e7a de mobilitat adjudicada ser\u00e0 en les dates que estableix la convocat\u00f2ria de la beca, segons cada termini de presentaci\u00f3 de sol\u00b7licituds.<\/li><li>En cas de no acceptar la pla\u00e7a en el termini establert, aquesta es considerar\u00e0 rebutjada<\/li><\/ul><p><strong>Assignaci\u00f3 definitiva<\/strong><\/p><ul><li>La resoluci\u00f3 definitiva de les places de mobilitat es publicar\u00e0 al tauler d'anuncis de la Seu<br \/>electr\u00f2nica de la Universitat de Barcelona (<a href=\"https:\/\/seu.ub.edu\">https:\/\/seu.ub.edu<\/a>) en les dates que estableix<br \/>la convocat\u00f2ria de la beca, segons cada termini de presentaci\u00f3 de sol\u00b7licituds.<\/li><li>En cas que un estudiant tingui m\u00e9s d'una pla\u00e7a assignada per al mateix per\u00edode de temps, en diferents programes de mobilitat, nom\u00e9s en podr\u00e0 acceptar una.<\/li><li>Les places no acceptades en el termini establert quedaran cancel\u00b7lades.<br \/>L'alumnat rebr\u00e0 un correu amb l'acceptaci\u00f3 de la pla\u00e7a.<br \/>Un cop assignada, l'alumnat haur\u00e0 d'introduir les seves dades banc\u00e0ries a la plataforma SOP.<br \/>Abans de marxar, l'alumnat haur\u00e0 de signar l'Online Learning Agreement (OLA) o E-Learning Agreement.<br \/>Aquest document ha de ser signat digitalment per:<ul><li>L'alumnat<\/li><li>La persona responsable de l'acollida a la instituci\u00f3 de destinaci\u00f3<\/li><li>La persona responsable de la mobilitat internacional del CEI<\/li><\/ul><\/li><\/ul><p>Finalment, l'alumnat ha d'enviar el document al CEI per correu electr\u00f2nic a: <a href=\"mailto:eugenia.guarro@ceibcn.com\">eugenia.guarro@ceibcn.com<\/a>.<\/p>                        <\/div>\n\n                    <\/div>\n\n                <\/div><!-- .elementskit-card END -->\n\n                \n                <div class=\"elementskit-card \">\n                    <div class=\"elementskit-card-header\" id=\"primaryHeading-2-bc392d4\">\n                        <a href=\"#collapse-189913769f520391de4c\" class=\"ekit-accordion--toggler elementskit-btn-link collapsed\" data-ekit-toggle=\"collapse\" data-target=\"#Collapse-189913769f520391de4c\" aria-expanded=\"false\" aria-controls=\"Collapse-189913769f520391de4c\">\n                            \n                            <span class=\"ekit-accordion-title\">3. Convocat\u00f2ries<\/span>\n\n                            \n                                <div class=\"ekit_accordion_icon_group\">\n                                    <div class=\"ekit_accordion_normal_icon\">\n                                        <!-- Normal Icon -->\n\t\t\t\t\t\t\t\t\t\t<i class=\"icon icon-down-arrow1\"><\/i>                                    <\/div>\n\n                                    <div class=\"ekit_accordion_active_icon\">\n                                        <!-- Active Icon -->\n\t\t\t\t\t\t\t\t\t\t<i class=\"icon icon-up-arrow\"><\/i>                                    <\/div>\n                                <\/div>\n\n                            \n                                                    <\/a>\n                    <\/div>\n\n                    <div id=\"Collapse-189913769f520391de4c\" class=\" collapse\" aria-labelledby=\"primaryHeading-2-bc392d4\" data-parent=\"#accordion-69f520391de4c\">\n\n                        <div class=\"elementskit-card-body ekit-accordion--content\">\n                            <p>Es poden consultar les convocat\u00f2ries obertes, aix\u00ed com les que ja han estat resoltes, a <a href=\"https:\/\/www.ub.edu\/uri\/estudiantsUB\/erasmus.htm\">Erasmus+ Pr\u00e0ctiques.<\/a><\/p><p>\u00c9s imprescindible que les pr\u00e0ctiques comencin i acabin dins del termini establert a la convocat\u00f2ria d' <a href=\"https:\/\/www.ub.edu\/uri\/estudiantsUB\/erasmus.htm\">Erasmus+ Pr\u00e0ctiques.<\/a><\/p>                        <\/div>\n\n                    <\/div>\n\n                <\/div><!-- .elementskit-card END -->\n\n                \n                <div class=\"elementskit-card \">\n                    <div class=\"elementskit-card-header\" id=\"primaryHeading-3-bc392d4\">\n                        <a href=\"#collapse-8313c7569f520391de4c\" class=\"ekit-accordion--toggler elementskit-btn-link collapsed\" data-ekit-toggle=\"collapse\" data-target=\"#Collapse-8313c7569f520391de4c\" aria-expanded=\"false\" aria-controls=\"Collapse-8313c7569f520391de4c\">\n                            \n                            <span class=\"ekit-accordion-title\">4. Contractaci\u00f3 d\u2019una asseguran\u00e7a<\/span>\n\n                            \n                                <div class=\"ekit_accordion_icon_group\">\n                                    <div class=\"ekit_accordion_normal_icon\">\n                                        <!-- Normal Icon -->\n\t\t\t\t\t\t\t\t\t\t<i class=\"icon icon-down-arrow1\"><\/i>                                    <\/div>\n\n                                    <div class=\"ekit_accordion_active_icon\">\n                                        <!-- Active Icon -->\n\t\t\t\t\t\t\t\t\t\t<i class=\"icon icon-up-arrow\"><\/i>                                    <\/div>\n                                <\/div>\n\n                            \n                                                    <\/a>\n                    <\/div>\n\n                    <div id=\"Collapse-8313c7569f520391de4c\" class=\" collapse\" aria-labelledby=\"primaryHeading-3-bc392d4\" data-parent=\"#accordion-69f520391de4c\">\n\n                        <div class=\"elementskit-card-body ekit-accordion--content\">\n                            <p>Durant tota l\u2019estada de pr\u00e0ctiques caldr\u00e0 disposar d\u2019un segur m\u00e8dic, d\u2019accidents i de repatriaci\u00f3 que cobreixi la totalitat de l\u2019estada. A la Uni\u00f3 Europea o al territori d\u2019Isl\u00e0ndia, Liechtenstein, Noruega, el Regne Unit o Su\u00efssa es pot sol\u00b7licitar la\u00a0<a href=\"https:\/\/www.seg-social.es\/wps\/portal\/wss\/internet\/Trabajadores\/PrestacionesPensionesTrabajadores\/10938\/11566\/1761\">Targeta Sanit\u00e0ria Europea<\/a>.<\/p>                        <\/div>\n\n                    <\/div>\n\n                <\/div><!-- .elementskit-card END -->\n\n                \n                <div class=\"elementskit-card \">\n                    <div class=\"elementskit-card-header\" id=\"primaryHeading-4-bc392d4\">\n                        <a href=\"#collapse-559640369f520391de4c\" class=\"ekit-accordion--toggler elementskit-btn-link collapsed\" data-ekit-toggle=\"collapse\" data-target=\"#Collapse-559640369f520391de4c\" aria-expanded=\"false\" aria-controls=\"Collapse-559640369f520391de4c\">\n                            \n                            <span class=\"ekit-accordion-title\">5. Formalitzaci\u00f3 de l\u2019arribada<\/span>\n\n                            \n                                <div class=\"ekit_accordion_icon_group\">\n                                    <div class=\"ekit_accordion_normal_icon\">\n                                        <!-- Normal Icon -->\n\t\t\t\t\t\t\t\t\t\t<i class=\"icon icon-down-arrow1\"><\/i>                                    <\/div>\n\n                                    <div class=\"ekit_accordion_active_icon\">\n                                        <!-- Active Icon -->\n\t\t\t\t\t\t\t\t\t\t<i class=\"icon icon-up-arrow\"><\/i>                                    <\/div>\n                                <\/div>\n\n                            \n                                                    <\/a>\n                    <\/div>\n\n                    <div id=\"Collapse-559640369f520391de4c\" class=\" collapse\" aria-labelledby=\"primaryHeading-4-bc392d4\" data-parent=\"#accordion-69f520391de4c\">\n\n                        <div class=\"elementskit-card-body ekit-accordion--content\">\n                            <ol><li><strong>Certificat d\u2019arribada<\/strong><br \/><span>L'alumnat ha de presentar obligat\u00f2riament el certificat d'arribada a la instituci\u00f3 d'acollida. El document es baixa des del SOP de la UB i ha de ser completat, signat i segellat per la instituci\u00f3 abans d'enviar-lo per correu electr\u00f2nic al CEI<\/span>\u00a0<a href=\"mailto:eugenia.guarro@ceibcn.com\">eugenia.guarro@ceibcn.com<\/a><br \/><p><span><strong>La tramitaci\u00f3 del certificat \u00e9s imprescindible per fer efectiu el primer pagament de la beca Erasmus+.<\/strong><br \/><\/span><\/p><\/li><li><strong>Certificat d\u2019estada<\/strong><br \/><p><span>A m\u00e9s del certificat d'arribada, cal presentar el certificat d'estada, que acredita les dates oficials d'inici i de finalitzaci\u00f3 de la mobilitat completat, signat i segellat per la instituci\u00f3. El document tamb\u00e9 es descarrega del SOP de la UB.<br \/><\/span><\/p><span>Es pot lliurar el certificat de manera presencial o per correu postal a l'Oficina de Mobilitat i Programes Internacionals (OMPI) de la Universitat de Barcelona, ubicada al Pavell\u00f3 Rosa (Recinte de la Maternitat), Trav. de les Corts 131-159, 08028 Barcelona. <\/span><span>Si us preferiu presentar-lo en format digital, heu de ser la instituci\u00f3 d'acollida qui l'envieu directament a l'Oficina de Mobilitat Internacional de la UB al correu <a href=\"mailto:erasmus@ub.edu\"><strong>erasmus@ub.edu<\/strong><\/a>, amb c\u00f2pia per a tu i per al CEI (<a href=\"mailto:eugenia.guarro@ceibcn.com\">eugenia.guarro@ceibcn.com<\/a>).<\/span><br \/><p><span><strong>Aquest certificat no es pot signar amb m\u00e9s de cinc dies d'antelaci\u00f3 a la data de finalitzaci\u00f3 de l'estada i no ha de contenir cap error tipogr\u00e0fic.<\/strong><br \/><\/span><\/p><p><span><strong>La seva presentaci\u00f3 \u00e9s obligat\u00f2ria i, en cas de no lliurar-ho, caldr\u00e0 tornar l'import de la beca Erasmus+.<\/strong><br \/><\/span><\/p><\/li><li><strong>Q\u00fcestionari de la Comissi\u00f3 Europea<\/strong><br \/><p><span>En acabar l'estada, l'alumnat rebr\u00e0 el q\u00fcestionari de la Comissi\u00f3 Europea per correu electr\u00f2nic. Emplenar-ho \u00e9s obligatori i constitueix un requisit per mantenir l'ajut econ\u00f2mic.<br \/><\/span><\/p><div class=\"text-base my-auto mx-auto pb-10 [--thread-content-margin:--spacing(4)] thread-sm:[--thread-content-margin:--spacing(6)] thread-lg:[--thread-content-margin:--spacing(16)] px-(--thread-content-margin)\"><div class=\"[--thread-content-max-width:40rem] thread-lg:[--thread-content-max-width:48rem] mx-auto max-w-(--thread-content-max-width) flex-1 group\/turn-messages focus-visible:outline-hidden relative flex w-full min-w-0 flex-col agent-turn\"><div class=\"flex max-w-full flex-col grow\"><div class=\"min-h-8 text-message relative flex w-full flex-col items-end gap-2 text-start break-words whitespace-normal [.text-message+&amp;]:mt-1\"><div class=\"flex w-full flex-col gap-1 empty:hidden first:pt-[1px]\"><div class=\"markdown prose dark:prose-invert w-full break-words light markdown-new-styling\"><p><strong>Si el q\u00fcestionari no es completa, cal retornar l'import de la beca Erasmus+.<\/strong><\/p><\/div><\/div><\/div><\/div><\/div><\/div><\/li><\/ol>                        <\/div>\n\n                    <\/div>\n\n                <\/div><!-- .elementskit-card END -->\n\n                \n                <div class=\"elementskit-card \">\n                    <div class=\"elementskit-card-header\" id=\"primaryHeading-5-bc392d4\">\n                        <a href=\"#collapse-823bddc69f520391de4c\" class=\"ekit-accordion--toggler elementskit-btn-link collapsed\" data-ekit-toggle=\"collapse\" data-target=\"#Collapse-823bddc69f520391de4c\" aria-expanded=\"false\" aria-controls=\"Collapse-823bddc69f520391de4c\">\n                            \n                            <span class=\"ekit-accordion-title\">6. En cas de ren\u00fancia<\/span>\n\n                            \n                                <div class=\"ekit_accordion_icon_group\">\n                                    <div class=\"ekit_accordion_normal_icon\">\n                                        <!-- Normal Icon -->\n\t\t\t\t\t\t\t\t\t\t<i class=\"icon icon-down-arrow1\"><\/i>                                    <\/div>\n\n                                    <div class=\"ekit_accordion_active_icon\">\n                                        <!-- Active Icon -->\n\t\t\t\t\t\t\t\t\t\t<i class=\"icon icon-up-arrow\"><\/i>                                    <\/div>\n                                <\/div>\n\n                            \n                                                    <\/a>\n                    <\/div>\n\n                    <div id=\"Collapse-823bddc69f520391de4c\" class=\" collapse\" aria-labelledby=\"primaryHeading-5-bc392d4\" data-parent=\"#accordion-69f520391de4c\">\n\n                        <div class=\"elementskit-card-body ekit-accordion--content\">\n                            <p>Si la persona benefici\u00e0ria d\u2019una mobilitat Erasmus, despr\u00e9s d\u2019haver estat acceptada, es veu en la necessitat de renunciar per causes de for\u00e7a major, haur\u00e0 d\u2019informar-ne al CEI tan aviat com sigui possible. L\u2019alumnat haur\u00e0 de descarregar el formulari del SOP i enviar-lo al CEI al correu electr\u00f2nic <a href=\"mailto:eugenia.guarro@ceibcn.com\">eugenia.guarro@ceibcn.com<\/a>.<\/p>                        <\/div>\n\n                    <\/div>\n\n                <\/div><!-- .elementskit-card END -->\n\n                \n                <div class=\"elementskit-card \">\n                    <div class=\"elementskit-card-header\" id=\"primaryHeading-6-bc392d4\">\n                        <a href=\"#collapse-37ae1d069f520391de4c\" class=\"ekit-accordion--toggler elementskit-btn-link collapsed\" data-ekit-toggle=\"collapse\" data-target=\"#Collapse-37ae1d069f520391de4c\" aria-expanded=\"false\" aria-controls=\"Collapse-37ae1d069f520391de4c\">\n                            \n                            <span class=\"ekit-accordion-title\">7. Recomanacions de viatge<\/span>\n\n                            \n                                <div class=\"ekit_accordion_icon_group\">\n                                    <div class=\"ekit_accordion_normal_icon\">\n                                        <!-- Normal Icon -->\n\t\t\t\t\t\t\t\t\t\t<i class=\"icon icon-down-arrow1\"><\/i>                                    <\/div>\n\n                                    <div class=\"ekit_accordion_active_icon\">\n                                        <!-- Active Icon -->\n\t\t\t\t\t\t\t\t\t\t<i class=\"icon icon-up-arrow\"><\/i>                                    <\/div>\n                                <\/div>\n\n                            \n                                                    <\/a>\n                    <\/div>\n\n                    <div id=\"Collapse-37ae1d069f520391de4c\" class=\" collapse\" aria-labelledby=\"primaryHeading-6-bc392d4\" data-parent=\"#accordion-69f520391de4c\">\n\n                        <div class=\"elementskit-card-body ekit-accordion--content\">\n                            <p>Es recomana a l\u2019alumnat que viatgi a l\u2019estranger que conegui i segueixi les recomanacions del Ministeri d\u2019Afers Exteriors, Uni\u00f3 Europea i Cooperaci\u00f3.<\/p><ul><li><p>Registrar-se a la\u00a0<a href=\"https:\/\/www.exteriores.gob.es\/Consulados\/mexico\/es\/ServiciosConsulares\/Paginas\/index.aspx?scca=Inscripci%C3%B3n+Consular&amp;scco=M%C3%A9xico&amp;scd=195&amp;scs=Alta+de+residente+y+de+no+residente\">representaci\u00f3 consular espanyola del pa\u00eds de destinaci\u00f3.<\/a><\/p><\/li><li>Inscriure\u2019s al <a href=\"https:\/\/registroviajeros.exteriores.gob.es\/\">Registre de viatgers.<\/a><\/li><li><p>Consultar les recomanacions de viatge.<\/p><\/li><li><p>En cas d\u2019emerg\u00e8ncia, consultar el <a href=\"https:\/\/www.exteriores.gob.es\/Consulados\/milan\/es\/Comunicacion\/Noticias\/Paginas\/Articulos\/QueDeboHacerEnCasoDeEmergencia.aspx\">MAEUEC<\/a><\/p><\/li><li>Comprovar quines vacunes s\u00f3n necess\u00e0ries i demanar cita pr\u00e8via al\u00a0<a href=\"https:\/\/www.sanidad.gob.es\/areas\/sanidadExterior\/laSaludTambienViaja\/centrosVacunacionInternacional\/centrosvacu.htm#BARCELONA\">Centre de Vacunaci\u00f3 Internacional<\/a><\/li><\/ul>                        <\/div>\n\n                    <\/div>\n\n                <\/div><!-- .elementskit-card END -->\n\n                                        <\/div>\n    <\/div>\t\t\t\t<\/div>\n\t\t\t\t<\/div>\n\t\t\t\t<div class=\"elementor-element elementor-element-966ef79 elementor-widget elementor-widget-spacer\" data-id=\"966ef79\" data-element_type=\"widget\" data-e-type=\"widget\" data-widget_type=\"spacer.default\">\n\t\t\t\t<div class=\"elementor-widget-container\">\n\t\t\t\t\t\t\t<div class=\"elementor-spacer\">\n\t\t\t<div class=\"elementor-spacer-inner\"><\/div>\n\t\t<\/div>\n\t\t\t\t\t\t<\/div>\n\t\t\t\t<\/div>\n\t\t\t\t<div class=\"elementor-element elementor-element-0f2bbb0 elementor-widget elementor-widget-heading\" data-id=\"0f2bbb0\" data-element_type=\"widget\" data-e-type=\"widget\" data-widget_type=\"heading.default\">\n\t\t\t\t<div class=\"elementor-widget-container\">\n\t\t\t\t\t<h3 class=\"elementor-heading-title elementor-size-default\">Study Abroad<\/h3>\t\t\t\t<\/div>\n\t\t\t\t<\/div>\n\t\t\t\t<div class=\"elementor-element elementor-element-a05c5d2 html elementor-widget elementor-widget-text-editor\" data-id=\"a05c5d2\" data-element_type=\"widget\" data-e-type=\"widget\" data-widget_type=\"text-editor.default\">\n\t\t\t\t<div class=\"elementor-widget-container\">\n\t\t\t\t\t\t\t\t\t<p data-start=\"40\" data-end=\"317\">El Centre d\u2019Estudis Internacionals tamb\u00e9 ofereix el programa <strong data-start=\"101\" data-end=\"117\">Study Abroad<\/strong> a l\u2019alumnat d\u2019altres universitats que desitgi cursar part dels seus estudis amb nosaltres durant el per\u00edode acad\u00e8mic, en el marc del M\u00e0ster Universitari en Diplom\u00e0cia i Organitzacions Internacionals.<\/p><p data-start=\"319\" data-end=\"422\">Ja s\u00f3n obertes les convocat\u00f2ries per cursar el proper any acad\u00e8mic, que s\u2019iniciar\u00e0 al setembre de 2025.<\/p><p style=\"text-align: justify;\"><strong>Per cursar el primer semestre, cal presentar la documentaci\u00f3 de sol\u00b7licitud abans del 15 de juny de 2025.<br data-start=\"533\" data-end=\"536\" \/><\/strong><\/p><p data-start=\"424\" data-end=\"673\"><strong>En cas de voler cursar el segon semestre, l\u2019alumnat haur\u00e0 de presentar la documentaci\u00f3 de sol\u00b7licitud fins al 15 de novembre de 2025.<\/strong><\/p><p data-start=\"675\" data-end=\"876\"><strong>Es recomana a l\u2019alumnat extracomunitari presentar la sol\u00b7licitud amb prou antelaci\u00f3 per tal de poder tramitar, des del pa\u00eds d\u2019origen, el visat d\u2019entrada amb les autoritats consulars espanyoles a temps.<\/strong><\/p>\t\t\t\t\t\t\t\t<\/div>\n\t\t\t\t<\/div>\n\t\t\t\t<div class=\"elementor-element elementor-element-7a2d550 html elementor-widget elementor-widget-elementskit-accordion\" data-id=\"7a2d550\" data-element_type=\"widget\" data-e-type=\"widget\" data-widget_type=\"elementskit-accordion.default\">\n\t\t\t\t<div class=\"elementor-widget-container\">\n\t\t\t\t\t<div class=\"ekit-wid-con\" >\n        <div class=\"elementskit-accordion accoedion-primary\" id=\"accordion-69f520391f34f\">\n\n            \n                <div class=\"elementskit-card \">\n                    <div class=\"elementskit-card-header\" id=\"primaryHeading-0-7a2d550\">\n                        <a href=\"#collapse-eccf81969f520391f34f\" class=\"ekit-accordion--toggler elementskit-btn-link collapsed\" data-ekit-toggle=\"collapse\" data-target=\"#Collapse-eccf81969f520391f34f\" aria-expanded=\"false\" aria-controls=\"Collapse-eccf81969f520391f34f\">\n                            \n                            <span class=\"ekit-accordion-title\">1.\tPrograma acad\u00e8mic<\/span>\n\n                            \n                                <div class=\"ekit_accordion_icon_group\">\n                                    <div class=\"ekit_accordion_normal_icon\">\n                                        <!-- Normal Icon -->\n\t\t\t\t\t\t\t\t\t\t<i class=\"icon icon-down-arrow1\"><\/i>                                    <\/div>\n\n                                    <div class=\"ekit_accordion_active_icon\">\n                                        <!-- Active Icon -->\n\t\t\t\t\t\t\t\t\t\t<i class=\"icon icon-up-arrow\"><\/i>                                    <\/div>\n                                <\/div>\n\n                            \n                                                    <\/a>\n                    <\/div>\n\n                    <div id=\"Collapse-eccf81969f520391f34f\" class=\" collapse\" aria-labelledby=\"primaryHeading-0-7a2d550\" data-parent=\"#accordion-69f520391f34f\">\n\n                        <div class=\"elementskit-card-body ekit-accordion--content\">\n                            <p>En ambdues convocat\u00f2ries s\u2019ofereix la possibilitat de matricular-se de les assignatures del M\u00e0ster Universitari en Diplom\u00e0cia i Organitzacions Internacionals.<\/p><p>L\u2019alumnat haur\u00e0 de matricular-se d\u2019un m\u00ednim de <strong>20 cr\u00e8dits ECTS<\/strong> per curs; en casos excepcionals es podr\u00e0 matricular d\u2019un m\u00ednim de <strong>18 cr\u00e8dits<\/strong>. El nombre m\u00e0xim de cr\u00e8dits matriculables \u00e9s de <strong>46 cr\u00e8dits ECTS anuals<\/strong>, als quals s\u2019afegeixen els <strong>3 cr\u00e8dits ECTS<\/strong> dels cursos de complements formatius.<\/p><p>El preu \u00e9s de <strong>150 \u20ac per cr\u00e8dit<\/strong>, m\u00e9s <strong>70 euros<\/strong> en concepte de taxes acad\u00e8miques de la <em>Universitat de Barcelona.<\/em><\/p><table><tbody><tr><td><p><strong>Calendari acad\u00e8mic<\/strong><\/p><\/td><\/tr><tr><td><ul><li><strong>Primer quadrimestre:<\/strong> del 25 de setembre de 2025 al 13 de gener de 2026<\/li><li><strong>Segon quadrimestre:<\/strong> del 26 de gener de 2026 al 29 de maig de 2026<\/li><li><strong>Cursos de complement formatiu<\/strong>: al llarg del mes de setembre de 2025.<\/li><\/ul><\/td><\/tr><\/tbody><\/table><div class=\"text-base my-auto mx-auto pb-10 [--thread-content-margin:--spacing(4)] thread-sm:[--thread-content-margin:--spacing(6)] thread-lg:[--thread-content-margin:--spacing(16)] px-(--thread-content-margin)\"><div class=\"[--thread-content-max-width:40rem] thread-lg:[--thread-content-max-width:48rem] mx-auto max-w-(--thread-content-max-width) flex-1 group\/turn-messages focus-visible:outline-hidden relative flex w-full min-w-0 flex-col agent-turn\"><div class=\"flex max-w-full flex-col grow\"><div class=\"min-h-8 text-message relative flex w-full flex-col items-end gap-2 text-start break-words whitespace-normal [.text-message+&amp;]:mt-1\"><div class=\"flex w-full flex-col gap-1 empty:hidden first:pt-[1px]\"><div class=\"markdown prose dark:prose-invert w-full break-words light markdown-new-styling\"><p>Les classes s\u2019imparteixen en castell\u00e0 i angl\u00e8s; per tant, s\u2019exigeix un nivell m\u00ednim equivalent al <strong>B2<\/strong> en ambd\u00f3s idiomes.<\/p><\/div><\/div><\/div><\/div><\/div><\/div>                        <\/div>\n\n                    <\/div>\n\n                <\/div><!-- .elementskit-card END -->\n\n                \n                <div class=\"elementskit-card \">\n                    <div class=\"elementskit-card-header\" id=\"primaryHeading-1-7a2d550\">\n                        <a href=\"#collapse-905808b69f520391f34f\" class=\"ekit-accordion--toggler elementskit-btn-link collapsed\" data-ekit-toggle=\"collapse\" data-target=\"#Collapse-905808b69f520391f34f\" aria-expanded=\"false\" aria-controls=\"Collapse-905808b69f520391f34f\">\n                            \n                            <span class=\"ekit-accordion-title\">2.\tRequisits previs<\/span>\n\n                            \n                                <div class=\"ekit_accordion_icon_group\">\n                                    <div class=\"ekit_accordion_normal_icon\">\n                                        <!-- Normal Icon -->\n\t\t\t\t\t\t\t\t\t\t<i class=\"icon icon-down-arrow1\"><\/i>                                    <\/div>\n\n                                    <div class=\"ekit_accordion_active_icon\">\n                                        <!-- Active Icon -->\n\t\t\t\t\t\t\t\t\t\t<i class=\"icon icon-up-arrow\"><\/i>                                    <\/div>\n                                <\/div>\n\n                            \n                                                    <\/a>\n                    <\/div>\n\n                    <div id=\"Collapse-905808b69f520391f34f\" class=\" collapse\" aria-labelledby=\"primaryHeading-1-7a2d550\" data-parent=\"#accordion-69f520391f34f\">\n\n                        <div class=\"elementskit-card-body ekit-accordion--content\">\n                            <p>Per poder matricular-se, \u00e9s necessari presentar una s\u00e8rie de documentaci\u00f3, a m\u00e9s de la que pugui exigir la universitat d\u2019origen:<\/p><ol><li><p>Documentaci\u00f3 d\u2019identitat vigent en el moment de la matr\u00edcula (DNI per a nationals espanyols \/ NIE (n\u00famero d\u2019identitat d\u2019estranger) \/ Passaport).<\/p><\/li><li><p>Estar matriculat en universitats o centres d\u2019educaci\u00f3 superior estrangers en estudis universitaris oficials o similars als de la Universitat de Barcelona en els quals es vol matricular i no haver-los finalitzat.<\/p><\/li><li><p>Haver superat un curs acad\u00e8mic complet o un m\u00ednim de <strong>60 cr\u00e8dits<\/strong> de l\u2019ensenyament relacionat amb l\u2019intercanvi, excepte per a alumnat nom\u00e9s de segon cicle o de postgraus oficials.<\/p><\/li><li>Acreditar un coneixement adequat de catal\u00e0, castell\u00e0 o angl\u00e8s. Per a m\u00e9s informaci\u00f3 sobre els requisits ling\u00fc\u00edstics, poseu-vos en contacte amb\u00a0<a href=\"mailto:eugenia.guarro@ceibcn.com\">eugenia.guarro@ceibcn.com.<\/a><\/li><li><p>Estar autoritzat per la universitat d\u2019origen per cursar part dels estudis a la Universitat de Barcelona.<\/p><\/li><li><p>Un exemplar de la sol\u00b7licitud d\u2019acceptaci\u00f3 en l\u00ednia degudament complimentada i amb les signatures corresponents de la instituci\u00f3 d\u2019origen.<\/p><\/li><li><p>Carta de presentaci\u00f3 de l\u2019alumnat.<\/p><\/li><li><p>Expedient acad\u00e8mic original del m\u00e0ster de la universitat d\u2019origen en catal\u00e0, castell\u00e0 o angl\u00e8s, a m\u00e9s d\u2019estar degudament legalitzat segons el cas corresponent. Per a m\u00e9s informaci\u00f3, es pot consultar el seg\u00fcent enlla\u00e7: <a class=\"decorated-link\" href=\"http:\/\/www.ub.edu\/acad\/noracad\/documents\/es\/legalizacion.htm\" target=\"_new\" rel=\"noopener\">Legalitzaci\u00f3 de documents UB<\/a><\/p><\/li><li><p>Pla d\u2019estudis del m\u00e0ster original de la universitat d\u2019origen i la traducci\u00f3, en cas que no estigui expedida en catal\u00e0, castell\u00e0 o angl\u00e8s.<\/p><\/li><li><p>Documentaci\u00f3 que acrediti que has estat acceptat per fer una estada temporal a la Universitat de Barcelona, signada per la persona responsable d\u2019intercanvi de la universitat d\u2019origen.<\/p><\/li><li><p>Asseguran\u00e7a m\u00e8dica d\u2019accidents i repatriaci\u00f3 que cobreixi l\u2019estada a la <em>Universitat de Barcelona.<\/em><\/p><\/li><\/ol><p>L\u2019acc\u00e9s final est\u00e0 subjecte a una <strong>entrevista amb la coordinaci\u00f3 del programa<\/strong>.<\/p>                        <\/div>\n\n                    <\/div>\n\n                <\/div><!-- .elementskit-card END -->\n\n                \n                <div class=\"elementskit-card \">\n                    <div class=\"elementskit-card-header\" id=\"primaryHeading-2-7a2d550\">\n                        <a href=\"#collapse-6aba10969f520391f34f\" class=\"ekit-accordion--toggler elementskit-btn-link collapsed\" data-ekit-toggle=\"collapse\" data-target=\"#Collapse-6aba10969f520391f34f\" aria-expanded=\"false\" aria-controls=\"Collapse-6aba10969f520391f34f\">\n                            \n                            <span class=\"ekit-accordion-title\">3.\tProc\u00e9s de sol\u00b7licitud<\/span>\n\n                            \n                                <div class=\"ekit_accordion_icon_group\">\n                                    <div class=\"ekit_accordion_normal_icon\">\n                                        <!-- Normal Icon -->\n\t\t\t\t\t\t\t\t\t\t<i class=\"icon icon-down-arrow1\"><\/i>                                    <\/div>\n\n                                    <div class=\"ekit_accordion_active_icon\">\n                                        <!-- Active Icon -->\n\t\t\t\t\t\t\t\t\t\t<i class=\"icon icon-up-arrow\"><\/i>                                    <\/div>\n                                <\/div>\n\n                            \n                                                    <\/a>\n                    <\/div>\n\n                    <div id=\"Collapse-6aba10969f520391f34f\" class=\" collapse\" aria-labelledby=\"primaryHeading-2-7a2d550\" data-parent=\"#accordion-69f520391f34f\">\n\n                        <div class=\"elementskit-card-body ekit-accordion--content\">\n                            <p>Per poder realitzar una estada temporal amb nosaltres, cal presentar una <strong>sol\u00b7licitud d\u2019acceptaci\u00f3 en l\u00ednia<\/strong>, un cop hagueu estat seleccionats i nominats per la vostra universitat d\u2019origen per dur a terme la vostra estada al CEI. Aix\u00ed mateix, ser\u00e0 necessari entregar una c\u00f2pia d\u2019aquesta sol\u00b7licitud per al seu \u00fas en tr\u00e0mits posteriors.<\/p><p><strong>Consideracions:<\/strong><\/p><ul><li><p>La presentaci\u00f3 d\u2019aquest formulari no garanteix l\u2019aprovaci\u00f3 ni implica l\u2019acceptaci\u00f3 com a alumnat d\u2019estada temporal.<\/p><\/li><li><p>El formulari s\u2019ha de completar <strong>AMB MAJ\u00daSCULES<\/strong>.<\/p><\/li><li><p>Si despr\u00e9s de registrar les vostres dades detecteu un error, voleu fer una modificaci\u00f3 i tornar a imprimir la sol\u00b7licitud, ser\u00e0 necessari que us poseu en contacte amb <a href=\"mailto:eugenia.guarro@ceibcn.com\">eugenia.guarro@ceibcn.com<\/a>.<\/p><\/li><li><p>L\u2019alumnat extracomunitari haur\u00e0 de fer tots els tr\u00e0mits necessaris d\u2019acceptaci\u00f3 amb suficient antelaci\u00f3 per no patir retards en la tramitaci\u00f3 del visat que els impedeixi arribar a Barcelona en les dates previstes.<\/p><\/li><\/ul><p><a href=\"https:\/\/www.ub.edu\/acad\/estada\/sol_alumne\/identificacio.php\"><strong>FORMULARI DE SOL\u00b7LICITUD D'ACCEPTACI\u00d3 EN L\u00cdNIA 2025-2026<\/strong><\/a><\/p>                        <\/div>\n\n                    <\/div>\n\n                <\/div><!-- .elementskit-card END -->\n\n                \n                <div class=\"elementskit-card \">\n                    <div class=\"elementskit-card-header\" id=\"primaryHeading-3-7a2d550\">\n                        <a href=\"#collapse-64aa50d69f520391f34f\" class=\"ekit-accordion--toggler elementskit-btn-link collapsed\" data-ekit-toggle=\"collapse\" data-target=\"#Collapse-64aa50d69f520391f34f\" aria-expanded=\"false\" aria-controls=\"Collapse-64aa50d69f520391f34f\">\n                            \n                            <span class=\"ekit-accordion-title\">4.\tConvocat\u00f2ries<\/span>\n\n                            \n                                <div class=\"ekit_accordion_icon_group\">\n                                    <div class=\"ekit_accordion_normal_icon\">\n                                        <!-- Normal Icon -->\n\t\t\t\t\t\t\t\t\t\t<i class=\"icon icon-down-arrow1\"><\/i>                                    <\/div>\n\n                                    <div class=\"ekit_accordion_active_icon\">\n                                        <!-- Active Icon -->\n\t\t\t\t\t\t\t\t\t\t<i class=\"icon icon-up-arrow\"><\/i>                                    <\/div>\n                                <\/div>\n\n                            \n                                                    <\/a>\n                    <\/div>\n\n                    <div id=\"Collapse-64aa50d69f520391f34f\" class=\" collapse\" aria-labelledby=\"primaryHeading-3-7a2d550\" data-parent=\"#accordion-69f520391f34f\">\n\n                        <div class=\"elementskit-card-body ekit-accordion--content\">\n                            <div class=\"text-base my-auto mx-auto pb-10 [--thread-content-margin:--spacing(4)] thread-sm:[--thread-content-margin:--spacing(6)] thread-lg:[--thread-content-margin:--spacing(16)] px-(--thread-content-margin)\"><div class=\"[--thread-content-max-width:40rem] thread-lg:[--thread-content-max-width:48rem] mx-auto max-w-(--thread-content-max-width) flex-1 group\/turn-messages focus-visible:outline-hidden relative flex w-full min-w-0 flex-col agent-turn\"><div class=\"flex max-w-full flex-col grow\"><div class=\"min-h-8 text-message relative flex w-full flex-col items-end gap-2 text-start break-words whitespace-normal [.text-message+&amp;]:mt-1\"><div class=\"flex w-full flex-col gap-1 empty:hidden first:pt-[1px]\"><div class=\"markdown prose dark:prose-invert w-full break-words light markdown-new-styling\"><p>Les convocat\u00f2ries i la informaci\u00f3 general dels diferents programes de mobilitat internacional (Erasmus+ i altres) per a l\u2019alumnat propi es fan p\u00fabliques a trav\u00e9s de la web de l\u2019<strong>Oficina de Mobilitat i Programes Internacionals<\/strong>\u00a0(<a href=\"http:\/\/www.ub.edu\/uri\/estudiantsUB\/estUB.htm\">propis)<\/a><\/p><\/div><\/div><\/div><\/div><\/div><\/div>                        <\/div>\n\n                    <\/div>\n\n                <\/div><!-- .elementskit-card END -->\n\n                \n                <div class=\"elementskit-card \">\n                    <div class=\"elementskit-card-header\" id=\"primaryHeading-4-7a2d550\">\n                        <a href=\"#collapse-491426869f520391f34f\" class=\"ekit-accordion--toggler elementskit-btn-link collapsed\" data-ekit-toggle=\"collapse\" data-target=\"#Collapse-491426869f520391f34f\" aria-expanded=\"false\" aria-controls=\"Collapse-491426869f520391f34f\">\n                            \n                            <span class=\"ekit-accordion-title\">5.\tAllotjament<\/span>\n\n                            \n                                <div class=\"ekit_accordion_icon_group\">\n                                    <div class=\"ekit_accordion_normal_icon\">\n                                        <!-- Normal Icon -->\n\t\t\t\t\t\t\t\t\t\t<i class=\"icon icon-down-arrow1\"><\/i>                                    <\/div>\n\n                                    <div class=\"ekit_accordion_active_icon\">\n                                        <!-- Active Icon -->\n\t\t\t\t\t\t\t\t\t\t<i class=\"icon icon-up-arrow\"><\/i>                                    <\/div>\n                                <\/div>\n\n                            \n                                                    <\/a>\n                    <\/div>\n\n                    <div id=\"Collapse-491426869f520391f34f\" class=\" collapse\" aria-labelledby=\"primaryHeading-4-7a2d550\" data-parent=\"#accordion-69f520391f34f\">\n\n                        <div class=\"elementskit-card-body ekit-accordion--content\">\n                            <div class=\"text-base my-auto mx-auto pb-10 [--thread-content-margin:--spacing(4)] thread-sm:[--thread-content-margin:--spacing(6)] thread-lg:[--thread-content-margin:--spacing(16)] px-(--thread-content-margin)\"><div class=\"[--thread-content-max-width:40rem] thread-lg:[--thread-content-max-width:48rem] mx-auto max-w-(--thread-content-max-width) flex-1 group\/turn-messages focus-visible:outline-hidden relative flex w-full min-w-0 flex-col agent-turn\"><div class=\"flex max-w-full flex-col grow\"><div class=\"min-h-8 text-message relative flex w-full flex-col items-end gap-2 text-start break-words whitespace-normal [.text-message+&amp;]:mt-1\"><div class=\"flex w-full flex-col gap-1 empty:hidden first:pt-[1px]\"><div class=\"markdown prose dark:prose-invert w-full break-words light markdown-new-styling\"><p>L\u2019alumnat pot contractar serveis d\u2019allotjament a trav\u00e9s del <strong>Barcelona Centro Universitario (BCU):<\/strong><\/p><\/div><\/div><\/div><\/div><\/div><\/div><ul><li><strong>Web:<\/strong> <a href=\"https:\/\/www.bcu.cat\/\">bcu.cat<\/a><\/li><li><strong>E-mail:<\/strong> <a href=\"mailto:info@bcu.cat\">info@bcu.cat<\/a><\/li><\/ul>                        <\/div>\n\n                    <\/div>\n\n                <\/div><!-- .elementskit-card END -->\n\n                \n                <div class=\"elementskit-card \">\n                    <div class=\"elementskit-card-header\" id=\"primaryHeading-5-7a2d550\">\n                        <a href=\"#collapse-3eb5be269f520391f34f\" class=\"ekit-accordion--toggler elementskit-btn-link collapsed\" data-ekit-toggle=\"collapse\" data-target=\"#Collapse-3eb5be269f520391f34f\" aria-expanded=\"false\" aria-controls=\"Collapse-3eb5be269f520391f34f\">\n                            \n                            <span class=\"ekit-accordion-title\">6.\tFormalitzaci\u00f3 de l\u2019arribada<\/span>\n\n                            \n                                <div class=\"ekit_accordion_icon_group\">\n                                    <div class=\"ekit_accordion_normal_icon\">\n                                        <!-- Normal Icon -->\n\t\t\t\t\t\t\t\t\t\t<i class=\"icon icon-down-arrow1\"><\/i>                                    <\/div>\n\n                                    <div class=\"ekit_accordion_active_icon\">\n                                        <!-- Active Icon -->\n\t\t\t\t\t\t\t\t\t\t<i class=\"icon icon-up-arrow\"><\/i>                                    <\/div>\n                                <\/div>\n\n                            \n                                                    <\/a>\n                    <\/div>\n\n                    <div id=\"Collapse-3eb5be269f520391f34f\" class=\" collapse\" aria-labelledby=\"primaryHeading-5-7a2d550\" data-parent=\"#accordion-69f520391f34f\">\n\n                        <div class=\"elementskit-card-body ekit-accordion--content\">\n                            <p>En arribar a Barcelona, l\u2019alumnat ha de formalitzar la seva arribada; per a aix\u00f2, haur\u00e0 d\u2019adre\u00e7ar-se al CEI i presentar la documentaci\u00f3 seg\u00fcent:<\/p><ol><li><p>Document que acrediti que esteu acceptats per fer una estada temporal a la UB (carta o sol\u00b7licitud d\u2019acceptaci\u00f3 signada pel responsable d\u2019Intercanvis Internacionals del centre on dur\u00e0 a terme els vostres estudis).<\/p><\/li><li><p>Asseguran\u00e7a m\u00e8dica, d\u2019accidents i repatriaci\u00f3 que us cobreixi durant la vostra estada a la UB segons les condicions establertes a la secci\u00f3\u00a0<a href=\"http:\/\/www.ub.edu\/uri\/estudiantsNOUB\/intercanvis\/arriba_e.htm\">\"Abans de venir a la UB\"<\/a>.<\/p><\/li><li><p>Haur\u00e0 de fer-se la matr\u00edcula de les assignatures i\/o altres activitats a la secretaria del centre. \u00c9s imprescindible tramitar la matr\u00edcula per poder obtenir el certificat corresponent al final de l\u2019estada al centre.<\/p><\/li><li><p>Regularitzar legalment l\u2019estada (a la comissaria de policia de Barcelona) segons les condicions establertes a <a href=\"https:\/\/www.barcelona.cat\/internationalwelcome\/es\/tramites\/tramites-de-extranjeria-y-documentacion-identificativa\">Tr\u00e1mits d'estrangeria | Barcelona International Welcome | Barcelona<\/a><\/p><\/li><\/ol>                        <\/div>\n\n                    <\/div>\n\n                <\/div><!-- .elementskit-card END -->\n\n                                        <\/div>\n    <\/div>\t\t\t\t<\/div>\n\t\t\t\t<\/div>\n\t\t\t\t<div class=\"elementor-element elementor-element-b8a7ef8 elementor-widget elementor-widget-text-editor\" data-id=\"b8a7ef8\" data-element_type=\"widget\" data-e-type=\"widget\" data-widget_type=\"text-editor.default\">\n\t\t\t\t<div class=\"elementor-widget-container\">\n\t\t\t\t\t\t\t\t\t\u00daltima actualizaci\u00f3 4 de mar\u00e7 de 2026\t\t\t\t\t\t\t\t<\/div>\n\t\t\t\t<\/div>\n\t\t\t\t\t<\/div>\n\t\t\t\t<\/div>\n\t\t\t\t<\/div>\n\t\t","protected":false},"excerpt":{"rendered":"<p>El CEI ofereix diverses oportunitats de mobilitat internacional per al seu alumnat, com ara el programa Erasmus+ Pr\u00e0ctiques Outgoing, dirigit a l\u2019alumnat que vulgui complementar la seva formaci\u00f3 professional amb una estada de pr\u00e0ctiques a l\u2019estranger, i el programa Study Abroad Incoming, destinat a l\u2019alumnat d\u2019altres universitats que desitgi realitzar una formaci\u00f3 acad\u00e8mica al CEI. [&hellip;]<\/p>\n","protected":false},"author":6,"featured_media":0,"parent":0,"menu_order":0,"comment_status":"closed","ping_status":"closed","template":"","meta":{"_acf_changed":false,"_crdt_document":"","inline_featured_image":false,"footnotes":""},"class_list":["post-25333","page","type-page","status-publish","hentry"],"acf":[],"yoast_head":"<!-- This site is optimized with the Yoast SEO plugin v27.0 - https:\/\/yoast.com\/product\/yoast-seo-wordpress\/ -->\n<title>Mobilitat Internacional - CEI International Affairs<\/title>\n<meta name=\"robots\" content=\"index, follow, max-snippet:-1, max-image-preview:large, max-video-preview:-1\" \/>\n<link rel=\"canonical\" href=\"https:\/\/www.ceibcn.com\/ca\/mobilitat-internacional\/\" \/>\n<meta property=\"og:locale\" content=\"ca_ES\" \/>\n<meta property=\"og:type\" content=\"article\" \/>\n<meta property=\"og:title\" content=\"Mobilitat Internacional - CEI International Affairs\" \/>\n<meta property=\"og:description\" content=\"El CEI ofereix diverses oportunitats de mobilitat internacional per al seu alumnat, com ara el programa Erasmus+ Pr\u00e0ctiques Outgoing, dirigit a l\u2019alumnat que vulgui complementar la seva formaci\u00f3 professional amb una estada de pr\u00e0ctiques a l\u2019estranger, i el programa Study Abroad Incoming, destinat a l\u2019alumnat d\u2019altres universitats que desitgi realitzar una formaci\u00f3 acad\u00e8mica al CEI. [&hellip;]\" \/>\n<meta property=\"og:url\" content=\"https:\/\/www.ceibcn.com\/ca\/mobilitat-internacional\/\" \/>\n<meta property=\"og:site_name\" content=\"CEI International Affairs\" \/>\n<meta property=\"article:publisher\" content=\"https:\/\/www.facebook.com\/CEI.CentroDeEstudiosInternacionales\/\" \/>\n<meta property=\"article:modified_time\" content=\"2026-03-04T16:14:10+00:00\" \/>\n<meta property=\"og:image\" content=\"https:\/\/www.ceibcn.com\/wp-content\/uploads\/2023\/01\/Logo-CEI.png\" \/>\n\t<meta property=\"og:image:width\" content=\"500\" \/>\n\t<meta property=\"og:image:height\" content=\"500\" \/>\n\t<meta property=\"og:image:type\" content=\"image\/png\" \/>\n<meta name=\"twitter:card\" content=\"summary_large_image\" \/>\n<meta name=\"twitter:site\" content=\"@CEIbcn\" \/>\n<meta name=\"twitter:label1\" content=\"Temps estimat de lectura\" \/>\n\t<meta name=\"twitter:data1\" content=\"22 minuts\" \/>\n<script type=\"application\/ld+json\" class=\"yoast-schema-graph\">{\"@context\":\"https:\/\/schema.org\",\"@graph\":[{\"@type\":\"WebPage\",\"@id\":\"https:\/\/www.ceibcn.com\/ca\/mobilitat-internacional\/\",\"url\":\"https:\/\/www.ceibcn.com\/ca\/mobilitat-internacional\/\",\"name\":\"Mobilitat Internacional - CEI International Affairs\",\"isPartOf\":{\"@id\":\"https:\/\/www.ceibcn.com\/ca\/#website\"},\"datePublished\":\"2024-10-03T10:22:00+00:00\",\"dateModified\":\"2026-03-04T16:14:10+00:00\",\"breadcrumb\":{\"@id\":\"https:\/\/www.ceibcn.com\/ca\/mobilitat-internacional\/#breadcrumb\"},\"inLanguage\":\"ca\",\"potentialAction\":[{\"@type\":\"ReadAction\",\"target\":[\"https:\/\/www.ceibcn.com\/ca\/mobilitat-internacional\/\"]}]},{\"@type\":\"BreadcrumbList\",\"@id\":\"https:\/\/www.ceibcn.com\/ca\/mobilitat-internacional\/#breadcrumb\",\"itemListElement\":[{\"@type\":\"ListItem\",\"position\":1,\"name\":\"Portada\",\"item\":\"https:\/\/www.ceibcn.com\/ca\/\"},{\"@type\":\"ListItem\",\"position\":2,\"name\":\"Mobilitat Internacional\"}]},{\"@type\":\"WebSite\",\"@id\":\"https:\/\/www.ceibcn.com\/ca\/#website\",\"url\":\"https:\/\/www.ceibcn.com\/ca\/\",\"name\":\"CEI International Affairs\",\"description\":\"CEI International Affairs\",\"publisher\":{\"@id\":\"https:\/\/www.ceibcn.com\/ca\/#organization\"},\"alternateName\":\"CEI International Affairs\",\"potentialAction\":[{\"@type\":\"SearchAction\",\"target\":{\"@type\":\"EntryPoint\",\"urlTemplate\":\"https:\/\/www.ceibcn.com\/ca\/?s={search_term_string}\"},\"query-input\":{\"@type\":\"PropertyValueSpecification\",\"valueRequired\":true,\"valueName\":\"search_term_string\"}}],\"inLanguage\":\"ca\"},{\"@type\":\"Organization\",\"@id\":\"https:\/\/www.ceibcn.com\/ca\/#organization\",\"name\":\"CEI International Affairs\",\"url\":\"https:\/\/www.ceibcn.com\/ca\/\",\"logo\":{\"@type\":\"ImageObject\",\"inLanguage\":\"ca\",\"@id\":\"https:\/\/www.ceibcn.com\/ca\/#\/schema\/logo\/image\/\",\"url\":\"https:\/\/www.ceibcn.com\/wp-content\/uploads\/2021\/09\/CeiLogo_EscuelaDiploVectorized_vectorizedSIN_FONDO.png\",\"contentUrl\":\"https:\/\/www.ceibcn.com\/wp-content\/uploads\/2021\/09\/CeiLogo_EscuelaDiploVectorized_vectorizedSIN_FONDO.png\",\"width\":1591,\"height\":629,\"caption\":\"CEI International Affairs\"},\"image\":{\"@id\":\"https:\/\/www.ceibcn.com\/ca\/#\/schema\/logo\/image\/\"},\"sameAs\":[\"https:\/\/www.facebook.com\/CEI.CentroDeEstudiosInternacionales\/\",\"https:\/\/x.com\/CEIbcn\",\"https:\/\/www.instagram.com\/cei_international\/\"]}]}<\/script>\n<!-- \/ Yoast SEO plugin. -->","yoast_head_json":{"title":"Mobilitat Internacional - CEI International Affairs","robots":{"index":"index","follow":"follow","max-snippet":"max-snippet:-1","max-image-preview":"max-image-preview:large","max-video-preview":"max-video-preview:-1"},"canonical":"https:\/\/www.ceibcn.com\/ca\/mobilitat-internacional\/","og_locale":"ca_ES","og_type":"article","og_title":"Mobilitat Internacional - CEI International Affairs","og_description":"El CEI ofereix diverses oportunitats de mobilitat internacional per al seu alumnat, com ara el programa Erasmus+ Pr\u00e0ctiques Outgoing, dirigit a l\u2019alumnat que vulgui complementar la seva formaci\u00f3 professional amb una estada de pr\u00e0ctiques a l\u2019estranger, i el programa Study Abroad Incoming, destinat a l\u2019alumnat d\u2019altres universitats que desitgi realitzar una formaci\u00f3 acad\u00e8mica al CEI. [&hellip;]","og_url":"https:\/\/www.ceibcn.com\/ca\/mobilitat-internacional\/","og_site_name":"CEI International Affairs","article_publisher":"https:\/\/www.facebook.com\/CEI.CentroDeEstudiosInternacionales\/","article_modified_time":"2026-03-04T16:14:10+00:00","og_image":[{"width":500,"height":500,"url":"https:\/\/www.ceibcn.com\/wp-content\/uploads\/2023\/01\/Logo-CEI.png","type":"image\/png"}],"twitter_card":"summary_large_image","twitter_site":"@CEIbcn","twitter_misc":{"Temps estimat de lectura":"22 minuts"},"schema":{"@context":"https:\/\/schema.org","@graph":[{"@type":"WebPage","@id":"https:\/\/www.ceibcn.com\/ca\/mobilitat-internacional\/","url":"https:\/\/www.ceibcn.com\/ca\/mobilitat-internacional\/","name":"Mobilitat Internacional - CEI International Affairs","isPartOf":{"@id":"https:\/\/www.ceibcn.com\/ca\/#website"},"datePublished":"2024-10-03T10:22:00+00:00","dateModified":"2026-03-04T16:14:10+00:00","breadcrumb":{"@id":"https:\/\/www.ceibcn.com\/ca\/mobilitat-internacional\/#breadcrumb"},"inLanguage":"ca","potentialAction":[{"@type":"ReadAction","target":["https:\/\/www.ceibcn.com\/ca\/mobilitat-internacional\/"]}]},{"@type":"BreadcrumbList","@id":"https:\/\/www.ceibcn.com\/ca\/mobilitat-internacional\/#breadcrumb","itemListElement":[{"@type":"ListItem","position":1,"name":"Portada","item":"https:\/\/www.ceibcn.com\/ca\/"},{"@type":"ListItem","position":2,"name":"Mobilitat Internacional"}]},{"@type":"WebSite","@id":"https:\/\/www.ceibcn.com\/ca\/#website","url":"https:\/\/www.ceibcn.com\/ca\/","name":"CEI International Affairs","description":"CEI International Affairs","publisher":{"@id":"https:\/\/www.ceibcn.com\/ca\/#organization"},"alternateName":"CEI International Affairs","potentialAction":[{"@type":"SearchAction","target":{"@type":"EntryPoint","urlTemplate":"https:\/\/www.ceibcn.com\/ca\/?s={search_term_string}"},"query-input":{"@type":"PropertyValueSpecification","valueRequired":true,"valueName":"search_term_string"}}],"inLanguage":"ca"},{"@type":"Organization","@id":"https:\/\/www.ceibcn.com\/ca\/#organization","name":"CEI International Affairs","url":"https:\/\/www.ceibcn.com\/ca\/","logo":{"@type":"ImageObject","inLanguage":"ca","@id":"https:\/\/www.ceibcn.com\/ca\/#\/schema\/logo\/image\/","url":"https:\/\/www.ceibcn.com\/wp-content\/uploads\/2021\/09\/CeiLogo_EscuelaDiploVectorized_vectorizedSIN_FONDO.png","contentUrl":"https:\/\/www.ceibcn.com\/wp-content\/uploads\/2021\/09\/CeiLogo_EscuelaDiploVectorized_vectorizedSIN_FONDO.png","width":1591,"height":629,"caption":"CEI International Affairs"},"image":{"@id":"https:\/\/www.ceibcn.com\/ca\/#\/schema\/logo\/image\/"},"sameAs":["https:\/\/www.facebook.com\/CEI.CentroDeEstudiosInternacionales\/","https:\/\/x.com\/CEIbcn","https:\/\/www.instagram.com\/cei_international\/"]}]}},"_links":{"self":[{"href":"https:\/\/www.ceibcn.com\/ca\/wp-json\/wp\/v2\/pages\/25333","targetHints":{"allow":["GET"]}}],"collection":[{"href":"https:\/\/www.ceibcn.com\/ca\/wp-json\/wp\/v2\/pages"}],"about":[{"href":"https:\/\/www.ceibcn.com\/ca\/wp-json\/wp\/v2\/types\/page"}],"author":[{"embeddable":true,"href":"https:\/\/www.ceibcn.com\/ca\/wp-json\/wp\/v2\/users\/6"}],"replies":[{"embeddable":true,"href":"https:\/\/www.ceibcn.com\/ca\/wp-json\/wp\/v2\/comments?post=25333"}],"version-history":[{"count":114,"href":"https:\/\/www.ceibcn.com\/ca\/wp-json\/wp\/v2\/pages\/25333\/revisions"}],"predecessor-version":[{"id":37004,"href":"https:\/\/www.ceibcn.com\/ca\/wp-json\/wp\/v2\/pages\/25333\/revisions\/37004"}],"wp:attachment":[{"href":"https:\/\/www.ceibcn.com\/ca\/wp-json\/wp\/v2\/media?parent=25333"}],"curies":[{"name":"wp","href":"https:\/\/api.w.org\/{rel}","templated":true}]}}